{"id":2258,"date":"2023-01-17T13:37:02","date_gmt":"2023-01-17T12:37:02","guid":{"rendered":"https:\/\/autott.es\/?page_id=2258"},"modified":"2024-11-26T07:12:33","modified_gmt":"2024-11-26T07:12:33","slug":"preguntas-frecuentes","status":"publish","type":"page","link":"https:\/\/www.autoturistica.com\/ie\/preguntas-frecuentes\/","title":{"rendered":"Preguntas frecuentes"},"content":{"rendered":"\t\t<div data-elementor-type=\"wp-page\" data-elementor-id=\"2258\" class=\"elementor elementor-2258\" data-elementor-post-type=\"page\">\n\t\t\t\t\t\t<section class=\"elementor-section elementor-top-section elementor-element elementor-element-c90ce32 elementor-section-boxed elementor-section-height-default elementor-section-height-default\" data-id=\"c90ce32\" data-element_type=\"section\" data-settings=\"{&quot;background_background&quot;:&quot;classic&quot;}\">\n\t\t\t\t\t\t\t<div class=\"elementor-background-overlay\"><\/div>\n\t\t\t\t\t\t\t<div class=\"elementor-container elementor-column-gap-default\">\n\t\t\t\t\t<div class=\"elementor-column elementor-col-100 elementor-top-column elementor-element elementor-element-c6304d5\" data-id=\"c6304d5\" data-element_type=\"column\">\n\t\t\t<div class=\"elementor-widget-wrap elementor-element-populated\">\n\t\t\t\t\t\t<div class=\"elementor-element elementor-element-ea5e75c elementor-widget elementor-widget-heading\" data-id=\"ea5e75c\" data-element_type=\"widget\" data-widget_type=\"heading.default\">\n\t\t\t\t<div class=\"elementor-widget-container\">\n\t\t\t\t\t<h1 class=\"elementor-heading-title elementor-size-default\">Preguntas frecuentes<\/h1>\t\t\t\t<\/div>\n\t\t\t\t<\/div>\n\t\t\t\t\t<\/div>\n\t\t<\/div>\n\t\t\t\t\t<\/div>\n\t\t<\/section>\n\t\t\t\t<section class=\"elementor-section elementor-top-section elementor-element elementor-element-d8e06c7 elementor-section-stretched elementor-section-boxed elementor-section-height-default elementor-section-height-default\" data-id=\"d8e06c7\" data-element_type=\"section\" data-settings=\"{&quot;stretch_section&quot;:&quot;section-stretched&quot;,&quot;background_background&quot;:&quot;classic&quot;}\">\n\t\t\t\t\t\t<div class=\"elementor-container elementor-column-gap-default\">\n\t\t\t\t\t<div class=\"elementor-column elementor-col-100 elementor-top-column elementor-element elementor-element-7ba0af1\" data-id=\"7ba0af1\" data-element_type=\"column\" data-settings=\"{&quot;background_background&quot;:&quot;classic&quot;}\">\n\t\t\t<div class=\"elementor-widget-wrap elementor-element-populated\">\n\t\t\t\t\t\t<div class=\"elementor-element elementor-element-88d75df elementor-widget elementor-widget-heading\" data-id=\"88d75df\" data-element_type=\"widget\" data-widget_type=\"heading.default\">\n\t\t\t\t<div class=\"elementor-widget-container\">\n\t\t\t\t\t<h2 class=\"elementor-heading-title elementor-size-default\">Sobre os nosos <span style=\"color:#05A3D8\">servizos<\/span><\/h2>\t\t\t\t<\/div>\n\t\t\t\t<\/div>\n\t\t\t\t<div class=\"elementor-element elementor-element-a1eb6ca elementor-widget elementor-widget-accordion\" data-id=\"a1eb6ca\" data-element_type=\"widget\" data-widget_type=\"accordion.default\">\n\t\t\t\t<div class=\"elementor-widget-container\">\n\t\t\t\t\t\t\t<div class=\"elementor-accordion\">\n\t\t\t\t\t\t\t<div class=\"elementor-accordion-item\">\n\t\t\t\t\t<div id=\"elementor-tab-title-1691\" class=\"elementor-tab-title\" data-tab=\"1\" role=\"button\" aria-controls=\"elementor-tab-content-1691\" aria-expanded=\"false\">\n\t\t\t\t\t\t\t\t\t\t\t\t\t<span class=\"elementor-accordion-icon elementor-accordion-icon-right\" aria-hidden=\"true\">\n\t\t\t\t\t\t\t\t\t\t\t\t\t\t\t<span class=\"elementor-accordion-icon-closed\"><i class=\"fas fa-angle-double-down\"><\/i><\/span>\n\t\t\t\t\t\t\t\t<span class=\"elementor-accordion-icon-opened\"><i class=\"fas fa-angle-double-up\"><\/i><\/span>\n\t\t\t\t\t\t\t\t\t\t\t\t\t\t<\/span>\n\t\t\t\t\t\t\t\t\t\t\t\t<a class=\"elementor-accordion-title\" tabindex=\"0\">Que \u00e9 a Autotur\u00edstica?<\/a>\n\t\t\t\t\t<\/div>\n\t\t\t\t\t<div id=\"elementor-tab-content-1691\" class=\"elementor-tab-content elementor-clearfix\" data-tab=\"1\" role=\"region\" aria-labelledby=\"elementor-tab-title-1691\">Autoturistica \u00e9 unha intermediaria de aluguer de veh\u00edculos que ofrece os mellores prezos grazas \u00e1s tarifas especiais negociadas coas principais empresas de aluguer de veh\u00edculos como Europcar, Enterprise e Hertz. Autoturistica \u00e9 unha empresa independente que act\u00faa como intermediaria entre os seus clientes e as empresas de leasing, ofrecendo un servizo de calidade ao cliente.<\/div>\n\t\t\t\t<\/div>\n\t\t\t\t\t\t\t<div class=\"elementor-accordion-item\">\n\t\t\t\t\t<div id=\"elementor-tab-title-1692\" class=\"elementor-tab-title\" data-tab=\"2\" role=\"button\" aria-controls=\"elementor-tab-content-1692\" aria-expanded=\"false\">\n\t\t\t\t\t\t\t\t\t\t\t\t\t<span class=\"elementor-accordion-icon elementor-accordion-icon-right\" aria-hidden=\"true\">\n\t\t\t\t\t\t\t\t\t\t\t\t\t\t\t<span class=\"elementor-accordion-icon-closed\"><i class=\"fas fa-angle-double-down\"><\/i><\/span>\n\t\t\t\t\t\t\t\t<span class=\"elementor-accordion-icon-opened\"><i class=\"fas fa-angle-double-up\"><\/i><\/span>\n\t\t\t\t\t\t\t\t\t\t\t\t\t\t<\/span>\n\t\t\t\t\t\t\t\t\t\t\t\t<a class=\"elementor-accordion-title\" tabindex=\"0\">Como podo contactar con Autoturistica?<\/a>\n\t\t\t\t\t<\/div>\n\t\t\t\t\t<div id=\"elementor-tab-content-1692\" class=\"elementor-tab-content elementor-clearfix\" data-tab=\"2\" role=\"region\" aria-labelledby=\"elementor-tab-title-1692\">Para contactar con Autoturistica podes ir \u00e1 secci\u00f3n CONTACTO, enviar un correo electr\u00f3nico a <a href=\"mailto:info@autoturistica.com\">info@autoturistica.com<\/a> ou chamar ao 913 292 911.\n<\/br>\nPodes contactar connosco de luns a venres (excepto festivos), de 9 da ma\u00f1\u00e1 a 6 da tarde hora local.<\/div>\n\t\t\t\t<\/div>\n\t\t\t\t\t\t\t<div class=\"elementor-accordion-item\">\n\t\t\t\t\t<div id=\"elementor-tab-title-1693\" class=\"elementor-tab-title\" data-tab=\"3\" role=\"button\" aria-controls=\"elementor-tab-content-1693\" aria-expanded=\"false\">\n\t\t\t\t\t\t\t\t\t\t\t\t\t<span class=\"elementor-accordion-icon elementor-accordion-icon-right\" aria-hidden=\"true\">\n\t\t\t\t\t\t\t\t\t\t\t\t\t\t\t<span class=\"elementor-accordion-icon-closed\"><i class=\"fas fa-angle-double-down\"><\/i><\/span>\n\t\t\t\t\t\t\t\t<span class=\"elementor-accordion-icon-opened\"><i class=\"fas fa-angle-double-up\"><\/i><\/span>\n\t\t\t\t\t\t\t\t\t\t\t\t\t\t<\/span>\n\t\t\t\t\t\t\t\t\t\t\t\t<a class=\"elementor-accordion-title\" tabindex=\"0\">Como atopo a Autoturistica no meu destino?<\/a>\n\t\t\t\t\t<\/div>\n\t\t\t\t\t<div id=\"elementor-tab-content-1693\" class=\"elementor-tab-content elementor-clearfix\" data-tab=\"3\" role=\"region\" aria-labelledby=\"elementor-tab-title-1693\">Ao ser intermediario, Autoturistica non disp\u00f3n de flota propia nin de oficinas en distintos destinos.\n<\/br>\nPara recoller o seu veh\u00edculo, debe dirixirse directamente \u00e1 oficina da empresa de aluguer que foi confirmada despois de realizar a reserva (por exemplo, Europcar, Enterprise, Hertz,&#8230;).<\/div>\n\t\t\t\t<\/div>\n\t\t\t\t\t\t\t<div class=\"elementor-accordion-item\">\n\t\t\t\t\t<div id=\"elementor-tab-title-1694\" class=\"elementor-tab-title\" data-tab=\"4\" role=\"button\" aria-controls=\"elementor-tab-content-1694\" aria-expanded=\"false\">\n\t\t\t\t\t\t\t\t\t\t\t\t\t<span class=\"elementor-accordion-icon elementor-accordion-icon-right\" aria-hidden=\"true\">\n\t\t\t\t\t\t\t\t\t\t\t\t\t\t\t<span class=\"elementor-accordion-icon-closed\"><i class=\"fas fa-angle-double-down\"><\/i><\/span>\n\t\t\t\t\t\t\t\t<span class=\"elementor-accordion-icon-opened\"><i class=\"fas fa-angle-double-up\"><\/i><\/span>\n\t\t\t\t\t\t\t\t\t\t\t\t\t\t<\/span>\n\t\t\t\t\t\t\t\t\t\t\t\t<a class=\"elementor-accordion-title\" tabindex=\"0\">Cales son os requisitos para alugar un coche?<\/a>\n\t\t\t\t\t<\/div>\n\t\t\t\t\t<div id=\"elementor-tab-content-1694\" class=\"elementor-tab-content elementor-clearfix\" data-tab=\"4\" role=\"region\" aria-labelledby=\"elementor-tab-title-1694\">Os elementos esenciais que se deben presentar \u00e1 hora de alugar un veh\u00edculo son:\n<\/br>\n&#8211; Carn\u00e9 de conducir en vigor. No caso de cidad\u00e1ns extracomunitarios, ser\u00e1 necesario presentar o carn\u00e9 de conducir internacional.\n<\/br>\n&#8211; Documento de identificaci\u00f3n v\u00e1lido.\n<\/br>\n&#8211; Debes ser maior de 21 anos e ter o carn\u00e9 de conducir durante 2 anos para alugar un veh\u00edculo.\n<\/br>\n&#8211; Tarxeta de cr\u00e9dito v\u00e1lida a nome do titular do contrato.<\/div>\n\t\t\t\t<\/div>\n\t\t\t\t\t\t\t<div class=\"elementor-accordion-item\">\n\t\t\t\t\t<div id=\"elementor-tab-title-1695\" class=\"elementor-tab-title\" data-tab=\"5\" role=\"button\" aria-controls=\"elementor-tab-content-1695\" aria-expanded=\"false\">\n\t\t\t\t\t\t\t\t\t\t\t\t\t<span class=\"elementor-accordion-icon elementor-accordion-icon-right\" aria-hidden=\"true\">\n\t\t\t\t\t\t\t\t\t\t\t\t\t\t\t<span class=\"elementor-accordion-icon-closed\"><i class=\"fas fa-angle-double-down\"><\/i><\/span>\n\t\t\t\t\t\t\t\t<span class=\"elementor-accordion-icon-opened\"><i class=\"fas fa-angle-double-up\"><\/i><\/span>\n\t\t\t\t\t\t\t\t\t\t\t\t\t\t<\/span>\n\t\t\t\t\t\t\t\t\t\t\t\t<a class=\"elementor-accordion-title\" tabindex=\"0\">Canto tempo leva confirmar a mi\u00f1a reserva?<\/a>\n\t\t\t\t\t<\/div>\n\t\t\t\t\t<div id=\"elementor-tab-content-1695\" class=\"elementor-tab-content elementor-clearfix\" data-tab=\"5\" role=\"region\" aria-labelledby=\"elementor-tab-title-1695\">As reservas conf\u00edrmanse normalmente dentro de 24-72 horas despois da solicitude de reserva.\n<\/br>\nSe non recibiu a confirmaci\u00f3n da s\u00faa reserva nese per\u00edodo de tempo, p\u00f3\u00f1ase en contacto connosco a trav\u00e9s do noso correo electr\u00f3nico <u>info@autoturistica.com<\/u> ou por tel\u00e9fono.<\/div>\n\t\t\t\t<\/div>\n\t\t\t\t\t\t\t<div class=\"elementor-accordion-item\">\n\t\t\t\t\t<div id=\"elementor-tab-title-1696\" class=\"elementor-tab-title\" data-tab=\"6\" role=\"button\" aria-controls=\"elementor-tab-content-1696\" aria-expanded=\"false\">\n\t\t\t\t\t\t\t\t\t\t\t\t\t<span class=\"elementor-accordion-icon elementor-accordion-icon-right\" aria-hidden=\"true\">\n\t\t\t\t\t\t\t\t\t\t\t\t\t\t\t<span class=\"elementor-accordion-icon-closed\"><i class=\"fas fa-angle-double-down\"><\/i><\/span>\n\t\t\t\t\t\t\t\t<span class=\"elementor-accordion-icon-opened\"><i class=\"fas fa-angle-double-up\"><\/i><\/span>\n\t\t\t\t\t\t\t\t\t\t\t\t\t\t<\/span>\n\t\t\t\t\t\t\t\t\t\t\t\t<a class=\"elementor-accordion-title\" tabindex=\"0\">Como podo pagar o aluguer?<\/a>\n\t\t\t\t\t<\/div>\n\t\t\t\t\t<div id=\"elementor-tab-content-1696\" class=\"elementor-tab-content elementor-clearfix\" data-tab=\"6\" role=\"region\" aria-labelledby=\"elementor-tab-title-1696\">O pago do aluguer debe pagarse polo menos unha semana antes do inicio do aluguer (tarifa prepago).\n<\/br>\nUnha vez confirmada a reserva, envi\u00e1mosche un enlace de pago seguro por correo electr\u00f3nico dez d\u00edas antes do inicio do aluguer.\n<\/br>\nAlternativamente, pode solicitar o pagamento mediante transferencia bancaria.<\/div>\n\t\t\t\t<\/div>\n\t\t\t\t\t\t\t<div class=\"elementor-accordion-item\">\n\t\t\t\t\t<div id=\"elementor-tab-title-1697\" class=\"elementor-tab-title\" data-tab=\"7\" role=\"button\" aria-controls=\"elementor-tab-content-1697\" aria-expanded=\"false\">\n\t\t\t\t\t\t\t\t\t\t\t\t\t<span class=\"elementor-accordion-icon elementor-accordion-icon-right\" aria-hidden=\"true\">\n\t\t\t\t\t\t\t\t\t\t\t\t\t\t\t<span class=\"elementor-accordion-icon-closed\"><i class=\"fas fa-angle-double-down\"><\/i><\/span>\n\t\t\t\t\t\t\t\t<span class=\"elementor-accordion-icon-opened\"><i class=\"fas fa-angle-double-up\"><\/i><\/span>\n\t\t\t\t\t\t\t\t\t\t\t\t\t\t<\/span>\n\t\t\t\t\t\t\t\t\t\t\t\t<a class=\"elementor-accordion-title\" tabindex=\"0\">Por que te\u00f1o que dar o meu n\u00famero de voo para facer a mi\u00f1a reserva?<\/a>\n\t\t\t\t\t<\/div>\n\t\t\t\t\t<div id=\"elementor-tab-content-1697\" class=\"elementor-tab-content elementor-clearfix\" data-tab=\"7\" role=\"region\" aria-labelledby=\"elementor-tab-title-1697\">No caso de recoller o veh\u00edculo no aeroporto, solicit\u00e1mosche o n\u00famero de voo para inclu\u00edr no sistema da empresa de leasing. Deste xeito p\u00f3dese controlar o voo e, polo tanto, a chegada dos clientes \u00e1 oficina. Deste xeito, garante que a oficina agarde por ti m\u00e1is al\u00f3 do horario de recollida establecido, respectando sempre o seu horario habitual de oficina.<\/div>\n\t\t\t\t<\/div>\n\t\t\t\t\t\t\t<div class=\"elementor-accordion-item\">\n\t\t\t\t\t<div id=\"elementor-tab-title-1698\" class=\"elementor-tab-title\" data-tab=\"8\" role=\"button\" aria-controls=\"elementor-tab-content-1698\" aria-expanded=\"false\">\n\t\t\t\t\t\t\t\t\t\t\t\t\t<span class=\"elementor-accordion-icon elementor-accordion-icon-right\" aria-hidden=\"true\">\n\t\t\t\t\t\t\t\t\t\t\t\t\t\t\t<span class=\"elementor-accordion-icon-closed\"><i class=\"fas fa-angle-double-down\"><\/i><\/span>\n\t\t\t\t\t\t\t\t<span class=\"elementor-accordion-icon-opened\"><i class=\"fas fa-angle-double-up\"><\/i><\/span>\n\t\t\t\t\t\t\t\t\t\t\t\t\t\t<\/span>\n\t\t\t\t\t\t\t\t\t\t\t\t<a class=\"elementor-accordion-title\" tabindex=\"0\">\u00c9 obrigatorio deixar un dep\u00f3sito ou dep\u00f3sito ao alugar un coche?<\/a>\n\t\t\t\t\t<\/div>\n\t\t\t\t\t<div id=\"elementor-tab-content-1698\" class=\"elementor-tab-content elementor-clearfix\" data-tab=\"8\" role=\"region\" aria-labelledby=\"elementor-tab-title-1698\">Si, \u00e9 imprescindible pagar un dep\u00f3sito ou dep\u00f3sito para cubrir posibles custos adicionais.\n<\/br>\nXeralmente, o dep\u00f3sito est\u00e1 bloqueado na tarxeta de cr\u00e9dito ou d\u00e9bito e desbloquearase unha vez que devolves o veh\u00edculo no mesmo estado en que se lle entregaron.\n<\/br>\nO importe do dep\u00f3sito pode variar dependendo do provedor e do tipo de veh\u00edculo seleccionado.\n<\/br>\nPara os veh\u00edculos de gama media e baixa, o importe do dep\u00f3sito adoita oscilar entre os 100 e os 200 euros. Para os coches de gama alta, isto pode chegar aos 400 euros.<\/div>\n\t\t\t\t<\/div>\n\t\t\t\t\t\t\t<div class=\"elementor-accordion-item\">\n\t\t\t\t\t<div id=\"elementor-tab-title-1699\" class=\"elementor-tab-title\" data-tab=\"9\" role=\"button\" aria-controls=\"elementor-tab-content-1699\" aria-expanded=\"false\">\n\t\t\t\t\t\t\t\t\t\t\t\t\t<span class=\"elementor-accordion-icon elementor-accordion-icon-right\" aria-hidden=\"true\">\n\t\t\t\t\t\t\t\t\t\t\t\t\t\t\t<span class=\"elementor-accordion-icon-closed\"><i class=\"fas fa-angle-double-down\"><\/i><\/span>\n\t\t\t\t\t\t\t\t<span class=\"elementor-accordion-icon-opened\"><i class=\"fas fa-angle-double-up\"><\/i><\/span>\n\t\t\t\t\t\t\t\t\t\t\t\t\t\t<\/span>\n\t\t\t\t\t\t\t\t\t\t\t\t<a class=\"elementor-accordion-title\" tabindex=\"0\">Cales son os diferentes tipos de cobertura dispo\u00f1ibles?<\/a>\n\t\t\t\t\t<\/div>\n\t\t\t\t\t<div id=\"elementor-tab-content-1699\" class=\"elementor-tab-content elementor-clearfix\" data-tab=\"9\" role=\"region\" aria-labelledby=\"elementor-tab-title-1699\"><strong>Dano ou perda do veh\u00edculo alugado:<\/strong>\n<\/br>\n-CDW (Collision Damage Waiver) fai referencia aos danos no veh\u00edculo alugado.\n<\/br>\n-TW (Theft Waiver) fai referencia ao roubo ou perda do veh\u00edculo alugado.\n<\/br>\n-LDW (Loss and Damage Waiver) \u00e9 unha combinaci\u00f3n de cobertura de danos e roubo.\n<\/br>\nSalvo que Autoturistica poida recuperar o importe correspondente \u00e1 reparaci\u00f3n dos danos causados \u200b\u200bpor un Terceiro que fose identificado, o arrendador\/conductor ser\u00e1 responsable do custo total dos danos causados \u200b\u200bou da perda do veh\u00edculo durante o per\u00edodo de aluguer. Esta responsabilidade normalmente p\u00f3dese eliminar pagando unha cantidade fixa por cada d\u00eda de aluguer. Non obstante, hai que ter en conta que, para os clientes que te\u00f1an contratada dita protecci\u00f3n, apl\u00edcase un importe residual (ou &#8220;deducible&#8221;) en caso de dano ou perda do veh\u00edculo. Nalg\u00fans pa\u00edses ofr\u00e9cese a posibilidade de eliminar este importe residual mediante o pago dunha taxa adicional. Consulte no mostrador no momento do aluguer.\n<\/br>\n<strong>Seguro de accidentes persoais:<\/strong>\n<\/br>\n<span style=\"color: #333333;\">-PAI (Seguro de accidentes persoais)<\/span>\n<\/br>\nO seguro de accidentes persoais cubre os gastos m\u00e9dicos ocasionados como resultado das lesi\u00f3ns sufridas; e\/ou unha \u00fanica indemnizaci\u00f3n en concepto de capital nos casos de invalidez ou falecemento por colisi\u00f3n ou accidente de tr\u00e1fico.\n<\/br>\n-Super Seguro de Accidentes Persoais\n<\/br>\nNalg\u00fans pa\u00edses, o nivel de cobertura PAI p\u00f3dese aumentar subscribindo un seguro adicional (&#8220;SUPER PAI&#8221;), que tam\u00e9n incl\u00fae cobertura por perda ou dano de equipaxe e\/ou efectos persoais (&#8220;PEC&#8221;).\n<\/br>\n<strong>Seguro de condutor novo:<\/strong>\n<\/br>\nNalg\u00fans pa\u00edses, os condutores menores de 26 anos deben contratar un seguro espec\u00edfico que aumente a s\u00faa cobertura.\n<\/br>\n<span style=\"color: #333333;\"><strong>Controladores adicionais:<\/strong><\/span>\n<\/br>\nTodos os potenciais condutores deben estar inclu\u00eddos no contrato de aluguer para poder beneficiarse do seguro e das protecci\u00f3ns de Autoturistica. Se non se incorporan ao contrato, non ser\u00e1 de aplicaci\u00f3n o seguro.<\/div>\n\t\t\t\t<\/div>\n\t\t\t\t\t\t\t<div class=\"elementor-accordion-item\">\n\t\t\t\t\t<div id=\"elementor-tab-title-16910\" class=\"elementor-tab-title\" data-tab=\"10\" role=\"button\" aria-controls=\"elementor-tab-content-16910\" aria-expanded=\"false\">\n\t\t\t\t\t\t\t\t\t\t\t\t\t<span class=\"elementor-accordion-icon elementor-accordion-icon-right\" aria-hidden=\"true\">\n\t\t\t\t\t\t\t\t\t\t\t\t\t\t\t<span class=\"elementor-accordion-icon-closed\"><i class=\"fas fa-angle-double-down\"><\/i><\/span>\n\t\t\t\t\t\t\t\t<span class=\"elementor-accordion-icon-opened\"><i class=\"fas fa-angle-double-up\"><\/i><\/span>\n\t\t\t\t\t\t\t\t\t\t\t\t\t\t<\/span>\n\t\t\t\t\t\t\t\t\t\t\t\t<a class=\"elementor-accordion-title\" tabindex=\"0\">Os coches de aluguer te\u00f1en quilometraxe ilimitada?<\/a>\n\t\t\t\t\t<\/div>\n\t\t\t\t\t<div id=\"elementor-tab-content-16910\" class=\"elementor-tab-content elementor-clearfix\" data-tab=\"10\" role=\"region\" aria-labelledby=\"elementor-tab-title-16910\">Non, a quilometraxe \u00e9 limitada e depender\u00e1 da empresa e dos d\u00edas contratados.\n<\/br>\nPara determinar os l\u00edmites de quilometraxe, ter\u00e1s que comezar o proceso de reserva.\n<\/br>\nSe se superan os l\u00edmites contratados, a empresa de arrendamento cobrar\u00e1 un custo adicional por quil\u00f3metro percorrido. O importe depende principalmente do tipo de veh\u00edculo seleccionado.<\/div>\n\t\t\t\t<\/div>\n\t\t\t\t\t\t\t<div class=\"elementor-accordion-item\">\n\t\t\t\t\t<div id=\"elementor-tab-title-16911\" class=\"elementor-tab-title\" data-tab=\"11\" role=\"button\" aria-controls=\"elementor-tab-content-16911\" aria-expanded=\"false\">\n\t\t\t\t\t\t\t\t\t\t\t\t\t<span class=\"elementor-accordion-icon elementor-accordion-icon-right\" aria-hidden=\"true\">\n\t\t\t\t\t\t\t\t\t\t\t\t\t\t\t<span class=\"elementor-accordion-icon-closed\"><i class=\"fas fa-angle-double-down\"><\/i><\/span>\n\t\t\t\t\t\t\t\t<span class=\"elementor-accordion-icon-opened\"><i class=\"fas fa-angle-double-up\"><\/i><\/span>\n\t\t\t\t\t\t\t\t\t\t\t\t\t\t<\/span>\n\t\t\t\t\t\t\t\t\t\t\t\t<a class=\"elementor-accordion-title\" tabindex=\"0\">Te\u00f1o que devolver o coche co dep\u00f3sito cheo?<\/a>\n\t\t\t\t\t<\/div>\n\t\t\t\t\t<div id=\"elementor-tab-content-16911\" class=\"elementor-tab-content elementor-clearfix\" data-tab=\"11\" role=\"region\" aria-labelledby=\"elementor-tab-title-16911\">As normas que se deben aplicar en canto ao reposto do veh\u00edculo dependen do pa\u00eds de aluguer e do tipo de produto elixido. Revisa en detalle as regras aplicables a cada un dos teus alugueres. Os coches son normalmente entregados co dep\u00f3sito cheo.\n<\/br>\nAo devolver o coche, poden darse 3 situaci\u00f3ns:\n<\/br>\n1. Devolve o coche co mesmo nivel de combustible:\n<\/br>\n-O coche entr\u00e9gase co dep\u00f3sito cun determinado nivel de combustible, que se indica no Contrato de Aluguer. O coche debe ser devolto co mesmo nivel de combustible. Neste caso, o cliente non paga nada polo reposto nin polo servizo de combustible. Debes ter en conta que \u00e9 posible que che soliciten o xustificante da compra de combustible (ticket de gasolineira).\n<\/br>\n2. Devolver o coche cun nivel de combustible diferente ao indicado ao inicio do aluguer (Taxa de reposta):\n<\/br>\n-Se non tes contratada a opci\u00f3n de Compra de Combustible (Dep\u00f3sito Cheo) e non devolves o coche co mesmo nivel de combustible que ao inicio do aluguer, cobrarase o importe do combustible que falte ademais do Servizo de Reabastecemento..\n<\/br>\n3. Compra de combustible (dep\u00f3sito cheo):\n<\/br>\n-Cando colles o veh\u00edculo tes a opci\u00f3n de pagar o custo do dep\u00f3sito cheo de combustible. O prezo depende da categor\u00eda do veh\u00edculo. Neste caso debes devolver o coche co dep\u00f3sito a calquera nivel de combustible. Non se realizar\u00e1 ning\u00fan cargo por combustible, pero o combustible non utilizado non ser\u00e1 reembolsado.<\/div>\n\t\t\t\t<\/div>\n\t\t\t\t\t\t\t<div class=\"elementor-accordion-item\">\n\t\t\t\t\t<div id=\"elementor-tab-title-16912\" class=\"elementor-tab-title\" data-tab=\"12\" role=\"button\" aria-controls=\"elementor-tab-content-16912\" aria-expanded=\"false\">\n\t\t\t\t\t\t\t\t\t\t\t\t\t<span class=\"elementor-accordion-icon elementor-accordion-icon-right\" aria-hidden=\"true\">\n\t\t\t\t\t\t\t\t\t\t\t\t\t\t\t<span class=\"elementor-accordion-icon-closed\"><i class=\"fas fa-angle-double-down\"><\/i><\/span>\n\t\t\t\t\t\t\t\t<span class=\"elementor-accordion-icon-opened\"><i class=\"fas fa-angle-double-up\"><\/i><\/span>\n\t\t\t\t\t\t\t\t\t\t\t\t\t\t<\/span>\n\t\t\t\t\t\t\t\t\t\t\t\t<a class=\"elementor-accordion-title\" tabindex=\"0\">Podo devolver ou recoller un veh\u00edculo f\u00f3ra do horario de oficina?<\/a>\n\t\t\t\t\t<\/div>\n\t\t\t\t\t<div id=\"elementor-tab-content-16912\" class=\"elementor-tab-content elementor-clearfix\" data-tab=\"12\" role=\"region\" aria-labelledby=\"elementor-tab-title-16912\">Si, un veh\u00edculo p\u00f3dese recoller f\u00f3ra do horario se se pactou previamente mediante contrato. Isto pode supor un cargo adicional.\n<\/br>\nNo caso de devoluci\u00f3ns, s\u00f3 se poder\u00e1 realizar cando exista unha caixa de correos na oficina ou se as\u00ed o fixera previamente no contrato.<\/div>\n\t\t\t\t<\/div>\n\t\t\t\t\t\t\t<div class=\"elementor-accordion-item\">\n\t\t\t\t\t<div id=\"elementor-tab-title-16913\" class=\"elementor-tab-title\" data-tab=\"13\" role=\"button\" aria-controls=\"elementor-tab-content-16913\" aria-expanded=\"false\">\n\t\t\t\t\t\t\t\t\t\t\t\t\t<span class=\"elementor-accordion-icon elementor-accordion-icon-right\" aria-hidden=\"true\">\n\t\t\t\t\t\t\t\t\t\t\t\t\t\t\t<span class=\"elementor-accordion-icon-closed\"><i class=\"fas fa-angle-double-down\"><\/i><\/span>\n\t\t\t\t\t\t\t\t<span class=\"elementor-accordion-icon-opened\"><i class=\"fas fa-angle-double-up\"><\/i><\/span>\n\t\t\t\t\t\t\t\t\t\t\t\t\t\t<\/span>\n\t\t\t\t\t\t\t\t\t\t\t\t<a class=\"elementor-accordion-title\" tabindex=\"0\">Que documentos te\u00f1o que presentar para recoller o meu veh\u00edculo?<\/a>\n\t\t\t\t\t<\/div>\n\t\t\t\t\t<div id=\"elementor-tab-content-16913\" class=\"elementor-tab-content elementor-clearfix\" data-tab=\"13\" role=\"region\" aria-labelledby=\"elementor-tab-title-16913\">Para recoller o teu coche de aluguer, debes presentar o bono de confirmaci\u00f3n da reserva (voucher) que che enviamos por correo electr\u00f3nico, o teu carn\u00e9 de conducir en vigor (carn\u00e9 de conducir internacional se \u00e9 o caso), o teu DNI ou pasaporte e o teu carn\u00e9 de identificaci\u00f3n.<\/div>\n\t\t\t\t<\/div>\n\t\t\t\t\t\t\t<div class=\"elementor-accordion-item\">\n\t\t\t\t\t<div id=\"elementor-tab-title-16914\" class=\"elementor-tab-title\" data-tab=\"14\" role=\"button\" aria-controls=\"elementor-tab-content-16914\" aria-expanded=\"false\">\n\t\t\t\t\t\t\t\t\t\t\t\t\t<span class=\"elementor-accordion-icon elementor-accordion-icon-right\" aria-hidden=\"true\">\n\t\t\t\t\t\t\t\t\t\t\t\t\t\t\t<span class=\"elementor-accordion-icon-closed\"><i class=\"fas fa-angle-double-down\"><\/i><\/span>\n\t\t\t\t\t\t\t\t<span class=\"elementor-accordion-icon-opened\"><i class=\"fas fa-angle-double-up\"><\/i><\/span>\n\t\t\t\t\t\t\t\t\t\t\t\t\t\t<\/span>\n\t\t\t\t\t\t\t\t\t\t\t\t<a class=\"elementor-accordion-title\" tabindex=\"0\">Debo comprobar o estado do veh\u00edculo antes de sa\u00edr da oficina de aluguer?<\/a>\n\t\t\t\t\t<\/div>\n\t\t\t\t\t<div id=\"elementor-tab-content-16914\" class=\"elementor-tab-content elementor-clearfix\" data-tab=\"14\" role=\"region\" aria-labelledby=\"elementor-tab-title-16914\">Si, debes comprobar que o informe de estado do veh\u00edculo reflicte fielmente o estado actual do veh\u00edculo. Se atopa un novo defecto que non consta no informe, debe comunicarllo ao axente de reparto e examinar o veh\u00edculo para actualizar o estado reflectido no contrato de aluguer.<\/div>\n\t\t\t\t<\/div>\n\t\t\t\t\t\t\t<div class=\"elementor-accordion-item\">\n\t\t\t\t\t<div id=\"elementor-tab-title-16915\" class=\"elementor-tab-title\" data-tab=\"15\" role=\"button\" aria-controls=\"elementor-tab-content-16915\" aria-expanded=\"false\">\n\t\t\t\t\t\t\t\t\t\t\t\t\t<span class=\"elementor-accordion-icon elementor-accordion-icon-right\" aria-hidden=\"true\">\n\t\t\t\t\t\t\t\t\t\t\t\t\t\t\t<span class=\"elementor-accordion-icon-closed\"><i class=\"fas fa-angle-double-down\"><\/i><\/span>\n\t\t\t\t\t\t\t\t<span class=\"elementor-accordion-icon-opened\"><i class=\"fas fa-angle-double-up\"><\/i><\/span>\n\t\t\t\t\t\t\t\t\t\t\t\t\t\t<\/span>\n\t\t\t\t\t\t\t\t\t\t\t\t<a class=\"elementor-accordion-title\" tabindex=\"0\">Como podo obter unha copia da mi\u00f1a factura de aluguer?<\/a>\n\t\t\t\t\t<\/div>\n\t\t\t\t\t<div id=\"elementor-tab-content-16915\" class=\"elementor-tab-content elementor-clearfix\" data-tab=\"15\" role=\"region\" aria-labelledby=\"elementor-tab-title-16915\">Podes solicitar a factura 48 horas despois da devoluci\u00f3n do veh\u00edculo. Debes enviar un correo electr\u00f3nico a info@autoturistica.com coa informaci\u00f3n fiscal e enviar\u00e9mosche a factura correspondente.<\/div>\n\t\t\t\t<\/div>\n\t\t\t\t\t\t\t\t<\/div>\n\t\t\t\t\t\t<\/div>\n\t\t\t\t<\/div>\n\t\t\t\t\t<\/div>\n\t\t<\/div>\n\t\t\t\t\t<\/div>\n\t\t<\/section>\n\t\t\t\t<section class=\"elementor-section elementor-top-section elementor-element elementor-element-067b18f elementor-section-stretched elementor-section-boxed elementor-section-height-default elementor-section-height-default\" data-id=\"067b18f\" data-element_type=\"section\" data-settings=\"{&quot;stretch_section&quot;:&quot;section-stretched&quot;}\">\n\t\t\t\t\t\t<div class=\"elementor-container elementor-column-gap-default\">\n\t\t\t\t\t<div class=\"elementor-column elementor-col-100 elementor-top-column elementor-element elementor-element-5f8e0a2\" data-id=\"5f8e0a2\" data-element_type=\"column\" data-settings=\"{&quot;background_background&quot;:&quot;classic&quot;}\">\n\t\t\t<div class=\"elementor-widget-wrap elementor-element-populated\">\n\t\t\t\t\t\t<div class=\"elementor-element elementor-element-b950f5c elementor-widget elementor-widget-heading\" data-id=\"b950f5c\" data-element_type=\"widget\" data-widget_type=\"heading.default\">\n\t\t\t\t<div class=\"elementor-widget-container\">\n\t\t\t\t\t<h2 class=\"elementor-heading-title elementor-size-default\">condici\u00f3ns do<span style=\"color:#05A3D8\"> aluguer:<\/span><\/h2>\t\t\t\t<\/div>\n\t\t\t\t<\/div>\n\t\t\t\t<div class=\"elementor-element elementor-element-056583c elementor-widget elementor-widget-accordion\" data-id=\"056583c\" data-element_type=\"widget\" data-widget_type=\"accordion.default\">\n\t\t\t\t<div class=\"elementor-widget-container\">\n\t\t\t\t\t\t\t<div class=\"elementor-accordion\">\n\t\t\t\t\t\t\t<div class=\"elementor-accordion-item\">\n\t\t\t\t\t<div id=\"elementor-tab-title-5651\" class=\"elementor-tab-title\" data-tab=\"1\" role=\"button\" aria-controls=\"elementor-tab-content-5651\" aria-expanded=\"false\">\n\t\t\t\t\t\t\t\t\t\t\t\t\t<span class=\"elementor-accordion-icon elementor-accordion-icon-right\" aria-hidden=\"true\">\n\t\t\t\t\t\t\t\t\t\t\t\t\t\t\t<span class=\"elementor-accordion-icon-closed\"><i class=\"fas fa-angle-double-down\"><\/i><\/span>\n\t\t\t\t\t\t\t\t<span class=\"elementor-accordion-icon-opened\"><i class=\"fas fa-angle-double-up\"><\/i><\/span>\n\t\t\t\t\t\t\t\t\t\t\t\t\t\t<\/span>\n\t\t\t\t\t\t\t\t\t\t\t\t<a class=\"elementor-accordion-title\" tabindex=\"0\">Pol\u00edtica de cancelaci\u00f3n<\/a>\n\t\t\t\t\t<\/div>\n\t\t\t\t\t<div id=\"elementor-tab-content-5651\" class=\"elementor-tab-content elementor-clearfix\" data-tab=\"1\" role=\"region\" aria-labelledby=\"elementor-tab-title-5651\">Para cancelar a reserva s\u00f3 tes que contactar con Autotur\u00edstica por correo electr\u00f3nico.\n<\/br>\nA reserva p\u00f3dese cancelar ata 72 horas antes da recollida do veh\u00edculo sen ning\u00fan custo. Unha vez transcorrido este prazo, poder\u00e1n aplicarse cargos por &#8220;Taxas de cancelaci\u00f3n&#8221;.<\/div>\n\t\t\t\t<\/div>\n\t\t\t\t\t\t\t<div class=\"elementor-accordion-item\">\n\t\t\t\t\t<div id=\"elementor-tab-title-5652\" class=\"elementor-tab-title\" data-tab=\"2\" role=\"button\" aria-controls=\"elementor-tab-content-5652\" aria-expanded=\"false\">\n\t\t\t\t\t\t\t\t\t\t\t\t\t<span class=\"elementor-accordion-icon elementor-accordion-icon-right\" aria-hidden=\"true\">\n\t\t\t\t\t\t\t\t\t\t\t\t\t\t\t<span class=\"elementor-accordion-icon-closed\"><i class=\"fas fa-angle-double-down\"><\/i><\/span>\n\t\t\t\t\t\t\t\t<span class=\"elementor-accordion-icon-opened\"><i class=\"fas fa-angle-double-up\"><\/i><\/span>\n\t\t\t\t\t\t\t\t\t\t\t\t\t\t<\/span>\n\t\t\t\t\t\t\t\t\t\t\t\t<a class=\"elementor-accordion-title\" tabindex=\"0\">Modificaci\u00f3ns da reserva<\/a>\n\t\t\t\t\t<\/div>\n\t\t\t\t\t<div id=\"elementor-tab-content-5652\" class=\"elementor-tab-content elementor-clearfix\" data-tab=\"2\" role=\"region\" aria-labelledby=\"elementor-tab-title-5652\">Se recolleches o veh\u00edculo e queres ampliar a duraci\u00f3n do per\u00edodo de aluguer, debes po\u00f1erte en contacto coa oficina onde recolleches o veh\u00edculo.\n<\/br>\nSe a\u00ednda non recolleches o veh\u00edculo, podes modificar ou cancelar a reserva contactando con Autotur\u00edstica a trav\u00e9s de calquera dos medios mencionados anteriormente. Se o lugar de aluguer, a data ou a hora cambia, as tarifas de aluguer, os impostos, os recargos ou os cargos por condutor novo poden cambiar.<\/div>\n\t\t\t\t<\/div>\n\t\t\t\t\t\t\t<div class=\"elementor-accordion-item\">\n\t\t\t\t\t<div id=\"elementor-tab-title-5653\" class=\"elementor-tab-title\" data-tab=\"3\" role=\"button\" aria-controls=\"elementor-tab-content-5653\" aria-expanded=\"false\">\n\t\t\t\t\t\t\t\t\t\t\t\t\t<span class=\"elementor-accordion-icon elementor-accordion-icon-right\" aria-hidden=\"true\">\n\t\t\t\t\t\t\t\t\t\t\t\t\t\t\t<span class=\"elementor-accordion-icon-closed\"><i class=\"fas fa-angle-double-down\"><\/i><\/span>\n\t\t\t\t\t\t\t\t<span class=\"elementor-accordion-icon-opened\"><i class=\"fas fa-angle-double-up\"><\/i><\/span>\n\t\t\t\t\t\t\t\t\t\t\t\t\t\t<\/span>\n\t\t\t\t\t\t\t\t\t\t\t\t<a class=\"elementor-accordion-title\" tabindex=\"0\">Podo ampliar o meu contrato de aluguer?<\/a>\n\t\t\t\t\t<\/div>\n\t\t\t\t\t<div id=\"elementor-tab-content-5653\" class=\"elementor-tab-content elementor-clearfix\" data-tab=\"3\" role=\"region\" aria-labelledby=\"elementor-tab-title-5653\">A extensi\u00f3n do aluguer \u00e9 posible, pero debes contactar coa oficina de recollida para a s\u00faa aprobaci\u00f3n. Cobrarase unha taxa adicionais adicionais.<\/div>\n\t\t\t\t<\/div>\n\t\t\t\t\t\t\t<div class=\"elementor-accordion-item\">\n\t\t\t\t\t<div id=\"elementor-tab-title-5654\" class=\"elementor-tab-title\" data-tab=\"4\" role=\"button\" aria-controls=\"elementor-tab-content-5654\" aria-expanded=\"false\">\n\t\t\t\t\t\t\t\t\t\t\t\t\t<span class=\"elementor-accordion-icon elementor-accordion-icon-right\" aria-hidden=\"true\">\n\t\t\t\t\t\t\t\t\t\t\t\t\t\t\t<span class=\"elementor-accordion-icon-closed\"><i class=\"fas fa-angle-double-down\"><\/i><\/span>\n\t\t\t\t\t\t\t\t<span class=\"elementor-accordion-icon-opened\"><i class=\"fas fa-angle-double-up\"><\/i><\/span>\n\t\t\t\t\t\t\t\t\t\t\t\t\t\t<\/span>\n\t\t\t\t\t\t\t\t\t\t\t\t<a class=\"elementor-accordion-title\" tabindex=\"0\">Cal \u00e9 a idade m\u00ednima para alugar un coche?<\/a>\n\t\t\t\t\t<\/div>\n\t\t\t\t\t<div id=\"elementor-tab-content-5654\" class=\"elementor-tab-content elementor-clearfix\" data-tab=\"4\" role=\"region\" aria-labelledby=\"elementor-tab-title-5654\">Todos os condutores deber\u00e1n ter un m\u00ednimo de 21 anos e 22 para Canarias, cunha experiencia m\u00ednima de 1 ano no carn\u00e9 de conducir (2 anos de experiencia para Canarias).\n<\/br>\nS\u00f3 os condutores maiores de 25 anos poder\u00e1n alugar monovolumes grandes, veh\u00edculos premium, 4&#215;4 ou furgonetas.\n<\/br>\nAs tarifas &#8220;Condutor novo&#8221; poden inclu\u00edrse no contrato.<\/div>\n\t\t\t\t<\/div>\n\t\t\t\t\t\t\t<div class=\"elementor-accordion-item\">\n\t\t\t\t\t<div id=\"elementor-tab-title-5655\" class=\"elementor-tab-title\" data-tab=\"5\" role=\"button\" aria-controls=\"elementor-tab-content-5655\" aria-expanded=\"false\">\n\t\t\t\t\t\t\t\t\t\t\t\t\t<span class=\"elementor-accordion-icon elementor-accordion-icon-right\" aria-hidden=\"true\">\n\t\t\t\t\t\t\t\t\t\t\t\t\t\t\t<span class=\"elementor-accordion-icon-closed\"><i class=\"fas fa-angle-double-down\"><\/i><\/span>\n\t\t\t\t\t\t\t\t<span class=\"elementor-accordion-icon-opened\"><i class=\"fas fa-angle-double-up\"><\/i><\/span>\n\t\t\t\t\t\t\t\t\t\t\t\t\t\t<\/span>\n\t\t\t\t\t\t\t\t\t\t\t\t<a class=\"elementor-accordion-title\" tabindex=\"0\">P\u00f3dese alugar un coche cunha tarxeta de d\u00e9bito?<\/a>\n\t\t\t\t\t<\/div>\n\t\t\t\t\t<div id=\"elementor-tab-content-5655\" class=\"elementor-tab-content elementor-clearfix\" data-tab=\"5\" role=\"region\" aria-labelledby=\"elementor-tab-title-5655\">Si, aceptamos todas as principais tarxetas de d\u00e9bito, excepto Maestro, Electron, Solo e tarxetas prepago.\n<\/br>\nNo caso de veh\u00edculos 4&#215;4 e veh\u00edculos premium ser\u00e1 necesario achegar tarxeta de cr\u00e9dito.\n<\/br>\nTodas as tarxetas deben estar a nome do condutor principal.\n<\/br>\nAceptaranse tarxetas de d\u00e9bito dependendo do pa\u00eds de aluguer onde recolle o veh\u00edculo. Consulta a secci\u00f3n de Termos e Condici\u00f3ns da nosa web: <a href=\"https:\/\/www.Autoturistica.es\/EBE\/module\/render\/Terminos-y-Condiciones.\">https:\/\/www.Autoturistica .es\/ EBE\/module\/render\/Termos e condici\u00f3ns.<\/a><\/div>\n\t\t\t\t<\/div>\n\t\t\t\t\t\t\t<div class=\"elementor-accordion-item\">\n\t\t\t\t\t<div id=\"elementor-tab-title-5656\" class=\"elementor-tab-title\" data-tab=\"6\" role=\"button\" aria-controls=\"elementor-tab-content-5656\" aria-expanded=\"false\">\n\t\t\t\t\t\t\t\t\t\t\t\t\t<span class=\"elementor-accordion-icon elementor-accordion-icon-right\" aria-hidden=\"true\">\n\t\t\t\t\t\t\t\t\t\t\t\t\t\t\t<span class=\"elementor-accordion-icon-closed\"><i class=\"fas fa-angle-double-down\"><\/i><\/span>\n\t\t\t\t\t\t\t\t<span class=\"elementor-accordion-icon-opened\"><i class=\"fas fa-angle-double-up\"><\/i><\/span>\n\t\t\t\t\t\t\t\t\t\t\t\t\t\t<\/span>\n\t\t\t\t\t\t\t\t\t\t\t\t<a class=\"elementor-accordion-title\" tabindex=\"0\">Recibirei o mesmo modelo e marca que te\u00f1o reservado?<\/a>\n\t\t\t\t\t<\/div>\n\t\t\t\t\t<div id=\"elementor-tab-content-5656\" class=\"elementor-tab-content elementor-clearfix\" data-tab=\"6\" role=\"region\" aria-labelledby=\"elementor-tab-title-5656\">En Autoturistica s\u00f3 podemos asegurar unha categor\u00eda de coche, sen inclu\u00edr o seu modelo ou marca.\n<\/br>\nAs empresas de leasing dispo\u00f1en dunha gran variedade de veh\u00edculos, polo que dependen da dispo\u00f1ibilidade diaria de cada un dos seus centros.<\/div>\n\t\t\t\t<\/div>\n\t\t\t\t\t\t\t<div class=\"elementor-accordion-item\">\n\t\t\t\t\t<div id=\"elementor-tab-title-5657\" class=\"elementor-tab-title\" data-tab=\"7\" role=\"button\" aria-controls=\"elementor-tab-content-5657\" aria-expanded=\"false\">\n\t\t\t\t\t\t\t\t\t\t\t\t\t<span class=\"elementor-accordion-icon elementor-accordion-icon-right\" aria-hidden=\"true\">\n\t\t\t\t\t\t\t\t\t\t\t\t\t\t\t<span class=\"elementor-accordion-icon-closed\"><i class=\"fas fa-angle-double-down\"><\/i><\/span>\n\t\t\t\t\t\t\t\t<span class=\"elementor-accordion-icon-opened\"><i class=\"fas fa-angle-double-up\"><\/i><\/span>\n\t\t\t\t\t\t\t\t\t\t\t\t\t\t<\/span>\n\t\t\t\t\t\t\t\t\t\t\t\t<a class=\"elementor-accordion-title\" tabindex=\"0\">Necesito un carn\u00e9 de conducir internacional para recoller o meu veh\u00edculo?<\/a>\n\t\t\t\t\t<\/div>\n\t\t\t\t\t<div id=\"elementor-tab-content-5657\" class=\"elementor-tab-content elementor-clearfix\" data-tab=\"7\" role=\"region\" aria-labelledby=\"elementor-tab-title-5657\">Co fin de garantir unha experiencia segura e cumprir cos requisitos legais, comunicamos que a partir de agora ser\u00e1 necesario presentar o carn\u00e9 de conducir internacional en vigor para poder recoller o seu veh\u00edculo se non pos\u00fae o carn\u00e9 de conducir dos pa\u00edses que conforman a Uni\u00f3n Europea.<\/div>\n\t\t\t\t<\/div>\n\t\t\t\t\t\t\t<div class=\"elementor-accordion-item\">\n\t\t\t\t\t<div id=\"elementor-tab-title-5658\" class=\"elementor-tab-title\" data-tab=\"8\" role=\"button\" aria-controls=\"elementor-tab-content-5658\" aria-expanded=\"false\">\n\t\t\t\t\t\t\t\t\t\t\t\t\t<span class=\"elementor-accordion-icon elementor-accordion-icon-right\" aria-hidden=\"true\">\n\t\t\t\t\t\t\t\t\t\t\t\t\t\t\t<span class=\"elementor-accordion-icon-closed\"><i class=\"fas fa-angle-double-down\"><\/i><\/span>\n\t\t\t\t\t\t\t\t<span class=\"elementor-accordion-icon-opened\"><i class=\"fas fa-angle-double-up\"><\/i><\/span>\n\t\t\t\t\t\t\t\t\t\t\t\t\t\t<\/span>\n\t\t\t\t\t\t\t\t\t\t\t\t<a class=\"elementor-accordion-title\" tabindex=\"0\">Podo viaxar f\u00f3ra de Espa\u00f1a?<\/a>\n\t\t\t\t\t<\/div>\n\t\t\t\t\t<div id=\"elementor-tab-content-5658\" class=\"elementor-tab-content elementor-clearfix\" data-tab=\"8\" role=\"region\" aria-labelledby=\"elementor-tab-title-5658\">As condici\u00f3ns para cruzar a fronteira co veh\u00edculo poden variar segundo o arrendador, a categor\u00eda do veh\u00edculo e os pa\u00edses aos que se queira viaxar. Consulte as p\u00e1xinas de Condici\u00f3ns Xerais de Aluguer.\n<\/br>\n<span style=\"color: var( --e-global-color-text ); font-size: 1rem;\">En todos os casos, DEBER\u00c1 comunicarlle ao mostrador a s\u00faa intenci\u00f3n de sa\u00edr de Espa\u00f1a co veh\u00edculo, xa que Para facer isto, \u00e9 necesario xestionar o seguro de acordo cos seus plans de viaxe.<\/span><\/div>\n\t\t\t\t<\/div>\n\t\t\t\t\t\t\t<div class=\"elementor-accordion-item\">\n\t\t\t\t\t<div id=\"elementor-tab-title-5659\" class=\"elementor-tab-title\" data-tab=\"9\" role=\"button\" aria-controls=\"elementor-tab-content-5659\" aria-expanded=\"false\">\n\t\t\t\t\t\t\t\t\t\t\t\t\t<span class=\"elementor-accordion-icon elementor-accordion-icon-right\" aria-hidden=\"true\">\n\t\t\t\t\t\t\t\t\t\t\t\t\t\t\t<span class=\"elementor-accordion-icon-closed\"><i class=\"fas fa-angle-double-down\"><\/i><\/span>\n\t\t\t\t\t\t\t\t<span class=\"elementor-accordion-icon-opened\"><i class=\"fas fa-angle-double-up\"><\/i><\/span>\n\t\t\t\t\t\t\t\t\t\t\t\t\t\t<\/span>\n\t\t\t\t\t\t\t\t\t\t\t\t<a class=\"elementor-accordion-title\" tabindex=\"0\">Que pasa se o coche se avaria ou te\u00f1o un accidente?<\/a>\n\t\t\t\t\t<\/div>\n\t\t\t\t\t<div id=\"elementor-tab-content-5659\" class=\"elementor-tab-content elementor-clearfix\" data-tab=\"9\" role=\"region\" aria-labelledby=\"elementor-tab-title-5659\">En caso de avar\u00eda ou accidente, deber\u00e1 comunicarse aos tel\u00e9fonos ou contactos facilitados \u00e1 hora de recoller o veh\u00edculo. A asistencia funciona as 24 horas do d\u00eda.\n<\/br>\nLea atentamente as condici\u00f3ns de aluguer e as instruci\u00f3ns proporcionadas ao recoller o veh\u00edculo.<\/div>\n\t\t\t\t<\/div>\n\t\t\t\t\t\t\t<div class=\"elementor-accordion-item\">\n\t\t\t\t\t<div id=\"elementor-tab-title-56510\" class=\"elementor-tab-title\" data-tab=\"10\" role=\"button\" aria-controls=\"elementor-tab-content-56510\" aria-expanded=\"false\">\n\t\t\t\t\t\t\t\t\t\t\t\t\t<span class=\"elementor-accordion-icon elementor-accordion-icon-right\" aria-hidden=\"true\">\n\t\t\t\t\t\t\t\t\t\t\t\t\t\t\t<span class=\"elementor-accordion-icon-closed\"><i class=\"fas fa-angle-double-down\"><\/i><\/span>\n\t\t\t\t\t\t\t\t<span class=\"elementor-accordion-icon-opened\"><i class=\"fas fa-angle-double-up\"><\/i><\/span>\n\t\t\t\t\t\t\t\t\t\t\t\t\t\t<\/span>\n\t\t\t\t\t\t\t\t\t\t\t\t<a class=\"elementor-accordion-title\" tabindex=\"0\">Quero devolver o meu veh\u00edculo antes da data establecida. Hai alg\u00fan cargo de penalizaci\u00f3n?<\/a>\n\t\t\t\t\t<\/div>\n\t\t\t\t\t<div id=\"elementor-tab-content-56510\" class=\"elementor-tab-content elementor-clearfix\" data-tab=\"10\" role=\"region\" aria-labelledby=\"elementor-tab-title-56510\"><span style=\"color: var( --e-global-color-text ); font-size: 1rem;\">Dependendo do arrendador, xeralmente s\u00f3 se factura polos d\u00edas nos que se utilizou o veh\u00edculo. Unha vez devolto, debes solicitar o reembolso dos d\u00edas non utilizados. <\/span>\n<\/br>\n<span style=\"color: var( --e-global-color-text ); font-size: 1rem;\">O importe correspondente s\u00f3 se devolver\u00e1 se o arrendador non factura os d\u00edas non utilizados. Nese caso proceder\u00edamos \u00e1 devoluci\u00f3n do di\u00f1eiro.<\/span><\/div>\n\t\t\t\t<\/div>\n\t\t\t\t\t\t\t<div class=\"elementor-accordion-item\">\n\t\t\t\t\t<div id=\"elementor-tab-title-56511\" class=\"elementor-tab-title\" data-tab=\"11\" role=\"button\" aria-controls=\"elementor-tab-content-56511\" aria-expanded=\"false\">\n\t\t\t\t\t\t\t\t\t\t\t\t\t<span class=\"elementor-accordion-icon elementor-accordion-icon-right\" aria-hidden=\"true\">\n\t\t\t\t\t\t\t\t\t\t\t\t\t\t\t<span class=\"elementor-accordion-icon-closed\"><i class=\"fas fa-angle-double-down\"><\/i><\/span>\n\t\t\t\t\t\t\t\t<span class=\"elementor-accordion-icon-opened\"><i class=\"fas fa-angle-double-up\"><\/i><\/span>\n\t\t\t\t\t\t\t\t\t\t\t\t\t\t<\/span>\n\t\t\t\t\t\t\t\t\t\t\t\t<a class=\"elementor-accordion-title\" tabindex=\"0\">Haber\u00e1 alg\u00fan cargo adicional se devolvo tarde o veh\u00edculo de aluguer?<\/a>\n\t\t\t\t\t<\/div>\n\t\t\t\t\t<div id=\"elementor-tab-content-56511\" class=\"elementor-tab-content elementor-clearfix\" data-tab=\"11\" role=\"region\" aria-labelledby=\"elementor-tab-title-56511\">Boas novas! Como norma xeral, hai un per\u00edodo de carencia de 29 minutos para os alugueres diarios. Se o veh\u00edculo se devolve f\u00f3ra deste per\u00edodo, aboarase un custo de aluguer por d\u00eda.\n<\/br>\nNota: Os veh\u00edculos devoltos f\u00f3ra do horario comercial non ser\u00e1n examinados ata o seguinte d\u00eda h\u00e1bil. Se devolves o teu veh\u00edculo f\u00f3ra do horario de oficina cando a oficina estea pechada, ser\u00e1s responsable do veh\u00edculo ata que o veh\u00edculo de aluguer sexa verificado correctamente o d\u00eda h\u00e1bil seguinte.<\/div>\n\t\t\t\t<\/div>\n\t\t\t\t\t\t\t\t<\/div>\n\t\t\t\t\t\t<\/div>\n\t\t\t\t<\/div>\n\t\t\t\t\t<\/div>\n\t\t<\/div>\n\t\t\t\t\t<\/div>\n\t\t<\/section>\n\t\t\t\t<section class=\"elementor-section elementor-top-section elementor-element elementor-element-8b75175 elementor-section-boxed elementor-section-height-default elementor-section-height-default\" data-id=\"8b75175\" data-element_type=\"section\">\n\t\t\t\t\t\t<div class=\"elementor-container elementor-column-gap-default\">\n\t\t\t\t\t<div class=\"elementor-column elementor-col-100 elementor-top-column elementor-element elementor-element-865cc09\" data-id=\"865cc09\" data-element_type=\"column\">\n\t\t\t<div class=\"elementor-widget-wrap elementor-element-populated\">\n\t\t\t\t\t\t<div class=\"elementor-element elementor-element-35714a8 elementor-widget elementor-widget-spacer\" data-id=\"35714a8\" data-element_type=\"widget\" data-widget_type=\"spacer.default\">\n\t\t\t\t<div class=\"elementor-widget-container\">\n\t\t\t\t\t\t\t<div class=\"elementor-spacer\">\n\t\t\t<div class=\"elementor-spacer-inner\"><\/div>\n\t\t<\/div>\n\t\t\t\t\t\t<\/div>\n\t\t\t\t<\/div>\n\t\t\t\t\t<\/div>\n\t\t<\/div>\n\t\t\t\t\t<\/div>\n\t\t<\/section>\n\t\t\t\t<\/div>\n\t\t","protected":false},"excerpt":{"rendered":"<p>Preguntas frecuentes Sobre os nosos servizos Que \u00e9 a Autotur\u00edstica? Autoturistica \u00e9 unha intermediaria de aluguer de veh\u00edculos que ofrece&hellip;<\/p>\n","protected":false},"author":7,"featured_media":0,"parent":0,"menu_order":0,"comment_status":"closed","ping_status":"closed","template":"elementor_header_footer","meta":{"_acf_changed":false,"om_disable_all_campaigns":false,"footnotes":""},"class_list":["post-2258","page","type-page","status-publish","hentry"],"acf":[],"aioseo_notices":[],"_links":{"self":[{"href":"https:\/\/www.autoturistica.com\/ie\/wp-json\/wp\/v2\/pages\/2258","targetHints":{"allow":["GET"]}}],"collection":[{"href":"https:\/\/www.autoturistica.com\/ie\/wp-json\/wp\/v2\/pages"}],"about":[{"href":"https:\/\/www.autoturistica.com\/ie\/wp-json\/wp\/v2\/types\/page"}],"author":[{"embeddable":true,"href":"https:\/\/www.autoturistica.com\/ie\/wp-json\/wp\/v2\/users\/7"}],"replies":[{"embeddable":true,"href":"https:\/\/www.autoturistica.com\/ie\/wp-json\/wp\/v2\/comments?post=2258"}],"version-history":[{"count":143,"href":"https:\/\/www.autoturistica.com\/ie\/wp-json\/wp\/v2\/pages\/2258\/revisions"}],"predecessor-version":[{"id":6860,"href":"https:\/\/www.autoturistica.com\/ie\/wp-json\/wp\/v2\/pages\/2258\/revisions\/6860"}],"wp:attachment":[{"href":"https:\/\/www.autoturistica.com\/ie\/wp-json\/wp\/v2\/media?parent=2258"}],"curies":[{"name":"wp","href":"https:\/\/api.w.org\/{rel}","templated":true}]}}