{"id":2258,"date":"2023-01-17T13:37:02","date_gmt":"2023-01-17T12:37:02","guid":{"rendered":"https:\/\/autott.es\/?page_id=2258"},"modified":"2024-11-26T07:56:24","modified_gmt":"2024-11-26T07:56:24","slug":"perguntas-frequentes","status":"publish","type":"page","link":"https:\/\/www.autoturistica.com\/pt\/perguntas-frequentes\/","title":{"rendered":"Perguntas frequentes"},"content":{"rendered":"\t\t<div data-elementor-type=\"wp-page\" data-elementor-id=\"2258\" class=\"elementor elementor-2258\" data-elementor-post-type=\"page\">\n\t\t\t\t\t\t<section class=\"elementor-section elementor-top-section elementor-element elementor-element-c90ce32 elementor-section-boxed elementor-section-height-default elementor-section-height-default\" data-id=\"c90ce32\" data-element_type=\"section\" data-settings=\"{&quot;background_background&quot;:&quot;classic&quot;}\">\n\t\t\t\t\t\t\t<div class=\"elementor-background-overlay\"><\/div>\n\t\t\t\t\t\t\t<div class=\"elementor-container elementor-column-gap-default\">\n\t\t\t\t\t<div class=\"elementor-column elementor-col-100 elementor-top-column elementor-element elementor-element-c6304d5\" data-id=\"c6304d5\" data-element_type=\"column\">\n\t\t\t<div class=\"elementor-widget-wrap elementor-element-populated\">\n\t\t\t\t\t\t<div class=\"elementor-element elementor-element-ea5e75c elementor-widget elementor-widget-heading\" data-id=\"ea5e75c\" data-element_type=\"widget\" data-widget_type=\"heading.default\">\n\t\t\t\t<div class=\"elementor-widget-container\">\n\t\t\t\t\t<h1 class=\"elementor-heading-title elementor-size-default\">Perguntas frequentes<\/h1>\t\t\t\t<\/div>\n\t\t\t\t<\/div>\n\t\t\t\t\t<\/div>\n\t\t<\/div>\n\t\t\t\t\t<\/div>\n\t\t<\/section>\n\t\t\t\t<section class=\"elementor-section elementor-top-section elementor-element elementor-element-d8e06c7 elementor-section-stretched elementor-section-boxed elementor-section-height-default elementor-section-height-default\" data-id=\"d8e06c7\" data-element_type=\"section\" data-settings=\"{&quot;stretch_section&quot;:&quot;section-stretched&quot;,&quot;background_background&quot;:&quot;classic&quot;}\">\n\t\t\t\t\t\t<div class=\"elementor-container elementor-column-gap-default\">\n\t\t\t\t\t<div class=\"elementor-column elementor-col-100 elementor-top-column elementor-element elementor-element-7ba0af1\" data-id=\"7ba0af1\" data-element_type=\"column\" data-settings=\"{&quot;background_background&quot;:&quot;classic&quot;}\">\n\t\t\t<div class=\"elementor-widget-wrap elementor-element-populated\">\n\t\t\t\t\t\t<div class=\"elementor-element elementor-element-88d75df elementor-widget elementor-widget-heading\" data-id=\"88d75df\" data-element_type=\"widget\" data-widget_type=\"heading.default\">\n\t\t\t\t<div class=\"elementor-widget-container\">\n\t\t\t\t\t<h2 class=\"elementor-heading-title elementor-size-default\">Sobre os nossos <span style=\"color:#05A3D8\">servi\u00e7os<\/span><\/h2>\t\t\t\t<\/div>\n\t\t\t\t<\/div>\n\t\t\t\t<div class=\"elementor-element elementor-element-a1eb6ca elementor-widget elementor-widget-accordion\" data-id=\"a1eb6ca\" data-element_type=\"widget\" data-widget_type=\"accordion.default\">\n\t\t\t\t<div class=\"elementor-widget-container\">\n\t\t\t\t\t\t\t<div class=\"elementor-accordion\">\n\t\t\t\t\t\t\t<div class=\"elementor-accordion-item\">\n\t\t\t\t\t<div id=\"elementor-tab-title-1691\" class=\"elementor-tab-title\" data-tab=\"1\" role=\"button\" aria-controls=\"elementor-tab-content-1691\" aria-expanded=\"false\">\n\t\t\t\t\t\t\t\t\t\t\t\t\t<span class=\"elementor-accordion-icon elementor-accordion-icon-right\" aria-hidden=\"true\">\n\t\t\t\t\t\t\t\t\t\t\t\t\t\t\t<span class=\"elementor-accordion-icon-closed\"><i class=\"fas fa-angle-double-down\"><\/i><\/span>\n\t\t\t\t\t\t\t\t<span class=\"elementor-accordion-icon-opened\"><i class=\"fas fa-angle-double-up\"><\/i><\/span>\n\t\t\t\t\t\t\t\t\t\t\t\t\t\t<\/span>\n\t\t\t\t\t\t\t\t\t\t\t\t<a class=\"elementor-accordion-title\" tabindex=\"0\">O que \u00e9 a Autotur\u00edstica?<\/a>\n\t\t\t\t\t<\/div>\n\t\t\t\t\t<div id=\"elementor-tab-content-1691\" class=\"elementor-tab-content elementor-clearfix\" data-tab=\"1\" role=\"region\" aria-labelledby=\"elementor-tab-title-1691\">A Autoturistica \u00e9 uma intermedi\u00e1ria de aluguer de autom\u00f3veis que oferece os melhores pre\u00e7os gra\u00e7as \u00e0s tarifas especiais negociadas com as principais empresas de aluguer de autom\u00f3veis como a Europcar, Enterprise e Hertz. A Autoturistica \u00e9 uma empresa independente que atua como intermedi\u00e1ria entre os seus clientes e as empresas de aluguer, oferecendo um servi\u00e7o de qualidade.<\/div>\n\t\t\t\t<\/div>\n\t\t\t\t\t\t\t<div class=\"elementor-accordion-item\">\n\t\t\t\t\t<div id=\"elementor-tab-title-1692\" class=\"elementor-tab-title\" data-tab=\"2\" role=\"button\" aria-controls=\"elementor-tab-content-1692\" aria-expanded=\"false\">\n\t\t\t\t\t\t\t\t\t\t\t\t\t<span class=\"elementor-accordion-icon elementor-accordion-icon-right\" aria-hidden=\"true\">\n\t\t\t\t\t\t\t\t\t\t\t\t\t\t\t<span class=\"elementor-accordion-icon-closed\"><i class=\"fas fa-angle-double-down\"><\/i><\/span>\n\t\t\t\t\t\t\t\t<span class=\"elementor-accordion-icon-opened\"><i class=\"fas fa-angle-double-up\"><\/i><\/span>\n\t\t\t\t\t\t\t\t\t\t\t\t\t\t<\/span>\n\t\t\t\t\t\t\t\t\t\t\t\t<a class=\"elementor-accordion-title\" tabindex=\"0\">Como posso contactar a Autotur\u00edstica?<\/a>\n\t\t\t\t\t<\/div>\n\t\t\t\t\t<div id=\"elementor-tab-content-1692\" class=\"elementor-tab-content elementor-clearfix\" data-tab=\"2\" role=\"region\" aria-labelledby=\"elementor-tab-title-1692\">Para contactar a Autoturistica, pode ir \u00e0 sec\u00e7\u00e3o CONTACTO, enviar um email para <a href=\"mailto:info@autoturistica.com\">info@autoturistica.com<\/a> ou ligar para 913 292 911.\n<\/br>\nPode contactar-nos de segunda a sexta-feira (exceto feriados), das 9h \u00e0s 18h, hor\u00e1rio local.<\/div>\n\t\t\t\t<\/div>\n\t\t\t\t\t\t\t<div class=\"elementor-accordion-item\">\n\t\t\t\t\t<div id=\"elementor-tab-title-1693\" class=\"elementor-tab-title\" data-tab=\"3\" role=\"button\" aria-controls=\"elementor-tab-content-1693\" aria-expanded=\"false\">\n\t\t\t\t\t\t\t\t\t\t\t\t\t<span class=\"elementor-accordion-icon elementor-accordion-icon-right\" aria-hidden=\"true\">\n\t\t\t\t\t\t\t\t\t\t\t\t\t\t\t<span class=\"elementor-accordion-icon-closed\"><i class=\"fas fa-angle-double-down\"><\/i><\/span>\n\t\t\t\t\t\t\t\t<span class=\"elementor-accordion-icon-opened\"><i class=\"fas fa-angle-double-up\"><\/i><\/span>\n\t\t\t\t\t\t\t\t\t\t\t\t\t\t<\/span>\n\t\t\t\t\t\t\t\t\t\t\t\t<a class=\"elementor-accordion-title\" tabindex=\"0\">Como encontro a Autoturistica no meu destino?<\/a>\n\t\t\t\t\t<\/div>\n\t\t\t\t\t<div id=\"elementor-tab-content-1693\" class=\"elementor-tab-content elementor-clearfix\" data-tab=\"3\" role=\"region\" aria-labelledby=\"elementor-tab-title-1693\">Por ser intermedi\u00e1ria, a Autoturistica n\u00e3o disp\u00f5e de frota pr\u00f3pria nem de escrit\u00f3rios em diversos destinos.\n<\/br>\nPara levantar o seu ve\u00edculo dever\u00e1 dirigir-se diretamente ao escrit\u00f3rio da locadora que foi confirmada ap\u00f3s a realiza\u00e7\u00e3o da reserva (ex: Europcar, Enterprise, Hertz,&#8230;).<\/div>\n\t\t\t\t<\/div>\n\t\t\t\t\t\t\t<div class=\"elementor-accordion-item\">\n\t\t\t\t\t<div id=\"elementor-tab-title-1694\" class=\"elementor-tab-title\" data-tab=\"4\" role=\"button\" aria-controls=\"elementor-tab-content-1694\" aria-expanded=\"false\">\n\t\t\t\t\t\t\t\t\t\t\t\t\t<span class=\"elementor-accordion-icon elementor-accordion-icon-right\" aria-hidden=\"true\">\n\t\t\t\t\t\t\t\t\t\t\t\t\t\t\t<span class=\"elementor-accordion-icon-closed\"><i class=\"fas fa-angle-double-down\"><\/i><\/span>\n\t\t\t\t\t\t\t\t<span class=\"elementor-accordion-icon-opened\"><i class=\"fas fa-angle-double-up\"><\/i><\/span>\n\t\t\t\t\t\t\t\t\t\t\t\t\t\t<\/span>\n\t\t\t\t\t\t\t\t\t\t\t\t<a class=\"elementor-accordion-title\" tabindex=\"0\">Quais s\u00e3o os requisitos para alugar um carro?<\/a>\n\t\t\t\t\t<\/div>\n\t\t\t\t\t<div id=\"elementor-tab-content-1694\" class=\"elementor-tab-content elementor-clearfix\" data-tab=\"4\" role=\"region\" aria-labelledby=\"elementor-tab-title-1694\">Os elementos essenciais que devem ser apresentados no momento do aluguer de um ve\u00edculo s\u00e3o:\n<\/br>\n&#8211; Uma carta de condu\u00e7\u00e3o v\u00e1lida. No caso de cidad\u00e3os n\u00e3o comunit\u00e1rios, ser\u00e1 necess\u00e1ria a apresenta\u00e7\u00e3o de uma carta de condu\u00e7\u00e3o internacional.\n<\/br>\n&#8211; Um documento de identifica\u00e7\u00e3o v\u00e1lido.\n<\/br>\n&#8211; Tem de ter mais de 21 anos e carta de condu\u00e7\u00e3o h\u00e1 2 anos para alugar um ve\u00edculo.\n<\/br>\n&#8211; Cart\u00e3o de cr\u00e9dito v\u00e1lido em nome do titular do contrato.<\/div>\n\t\t\t\t<\/div>\n\t\t\t\t\t\t\t<div class=\"elementor-accordion-item\">\n\t\t\t\t\t<div id=\"elementor-tab-title-1695\" class=\"elementor-tab-title\" data-tab=\"5\" role=\"button\" aria-controls=\"elementor-tab-content-1695\" aria-expanded=\"false\">\n\t\t\t\t\t\t\t\t\t\t\t\t\t<span class=\"elementor-accordion-icon elementor-accordion-icon-right\" aria-hidden=\"true\">\n\t\t\t\t\t\t\t\t\t\t\t\t\t\t\t<span class=\"elementor-accordion-icon-closed\"><i class=\"fas fa-angle-double-down\"><\/i><\/span>\n\t\t\t\t\t\t\t\t<span class=\"elementor-accordion-icon-opened\"><i class=\"fas fa-angle-double-up\"><\/i><\/span>\n\t\t\t\t\t\t\t\t\t\t\t\t\t\t<\/span>\n\t\t\t\t\t\t\t\t\t\t\t\t<a class=\"elementor-accordion-title\" tabindex=\"0\">Quanto tempo demora a confirmar a minha reserva?<\/a>\n\t\t\t\t\t<\/div>\n\t\t\t\t\t<div id=\"elementor-tab-content-1695\" class=\"elementor-tab-content elementor-clearfix\" data-tab=\"5\" role=\"region\" aria-labelledby=\"elementor-tab-title-1695\">As reservas s\u00e3o normalmente confirmadas dentro de 24 a 72 horas ap\u00f3s o pedido de reserva.\n<\/br>\nCaso n\u00e3o tenha recebido a confirma\u00e7\u00e3o da sua reserva nesse prazo, por favor contacte-nos atrav\u00e9s do nosso email <\/br><u>info@autoturistica.com<\/u> ou por telefone.<\/div>\n\t\t\t\t<\/div>\n\t\t\t\t\t\t\t<div class=\"elementor-accordion-item\">\n\t\t\t\t\t<div id=\"elementor-tab-title-1696\" class=\"elementor-tab-title\" data-tab=\"6\" role=\"button\" aria-controls=\"elementor-tab-content-1696\" aria-expanded=\"false\">\n\t\t\t\t\t\t\t\t\t\t\t\t\t<span class=\"elementor-accordion-icon elementor-accordion-icon-right\" aria-hidden=\"true\">\n\t\t\t\t\t\t\t\t\t\t\t\t\t\t\t<span class=\"elementor-accordion-icon-closed\"><i class=\"fas fa-angle-double-down\"><\/i><\/span>\n\t\t\t\t\t\t\t\t<span class=\"elementor-accordion-icon-opened\"><i class=\"fas fa-angle-double-up\"><\/i><\/span>\n\t\t\t\t\t\t\t\t\t\t\t\t\t\t<\/span>\n\t\t\t\t\t\t\t\t\t\t\t\t<a class=\"elementor-accordion-title\" tabindex=\"0\">Como posso pagar a renda?<\/a>\n\t\t\t\t\t<\/div>\n\t\t\t\t\t<div id=\"elementor-tab-content-1696\" class=\"elementor-tab-content elementor-clearfix\" data-tab=\"6\" role=\"region\" aria-labelledby=\"elementor-tab-title-1696\">O pagamento do aluguer deve ser pago pelo menos uma semana antes do in\u00edcio do aluguer (tarifa pr\u00e9-paga).\n<\/br>\nAssim que a reserva for confirmada, enviar-lhe-emos um link de pagamento seguro por e-mail dez dias antes do in\u00edcio do aluguer.\n<\/br>\nEm alternativa, pode solicitar o pagamento por transfer\u00eancia banc\u00e1ria.<\/div>\n\t\t\t\t<\/div>\n\t\t\t\t\t\t\t<div class=\"elementor-accordion-item\">\n\t\t\t\t\t<div id=\"elementor-tab-title-1697\" class=\"elementor-tab-title\" data-tab=\"7\" role=\"button\" aria-controls=\"elementor-tab-content-1697\" aria-expanded=\"false\">\n\t\t\t\t\t\t\t\t\t\t\t\t\t<span class=\"elementor-accordion-icon elementor-accordion-icon-right\" aria-hidden=\"true\">\n\t\t\t\t\t\t\t\t\t\t\t\t\t\t\t<span class=\"elementor-accordion-icon-closed\"><i class=\"fas fa-angle-double-down\"><\/i><\/span>\n\t\t\t\t\t\t\t\t<span class=\"elementor-accordion-icon-opened\"><i class=\"fas fa-angle-double-up\"><\/i><\/span>\n\t\t\t\t\t\t\t\t\t\t\t\t\t\t<\/span>\n\t\t\t\t\t\t\t\t\t\t\t\t<a class=\"elementor-accordion-title\" tabindex=\"0\">Porque tenho de fornecer o n\u00famero do meu voo para fazer a reserva?<\/a>\n\t\t\t\t\t<\/div>\n\t\t\t\t\t<div id=\"elementor-tab-content-1697\" class=\"elementor-tab-content elementor-clearfix\" data-tab=\"7\" role=\"region\" aria-labelledby=\"elementor-tab-title-1697\">No caso de levantamento do ve\u00edculo no aeroporto, solicitamos-lhe o n\u00famero do voo para o incluir no sistema da empresa de aluguer. Desta forma poder\u00e1 monitorizar o voo e, por conseguinte, a chegada dos clientes ao escrit\u00f3rio. Isto garante que o escrit\u00f3rio o espera para al\u00e9m do hor\u00e1rio de recolha estabelecido, respeitando sempre o hor\u00e1rio habitual de atendimento.<\/div>\n\t\t\t\t<\/div>\n\t\t\t\t\t\t\t<div class=\"elementor-accordion-item\">\n\t\t\t\t\t<div id=\"elementor-tab-title-1698\" class=\"elementor-tab-title\" data-tab=\"8\" role=\"button\" aria-controls=\"elementor-tab-content-1698\" aria-expanded=\"false\">\n\t\t\t\t\t\t\t\t\t\t\t\t\t<span class=\"elementor-accordion-icon elementor-accordion-icon-right\" aria-hidden=\"true\">\n\t\t\t\t\t\t\t\t\t\t\t\t\t\t\t<span class=\"elementor-accordion-icon-closed\"><i class=\"fas fa-angle-double-down\"><\/i><\/span>\n\t\t\t\t\t\t\t\t<span class=\"elementor-accordion-icon-opened\"><i class=\"fas fa-angle-double-up\"><\/i><\/span>\n\t\t\t\t\t\t\t\t\t\t\t\t\t\t<\/span>\n\t\t\t\t\t\t\t\t\t\t\t\t<a class=\"elementor-accordion-title\" tabindex=\"0\">\u00c9 obrigat\u00f3rio deixar uma cau\u00e7\u00e3o ou cau\u00e7\u00e3o no aluguer de uma viatura?<\/a>\n\t\t\t\t\t<\/div>\n\t\t\t\t\t<div id=\"elementor-tab-content-1698\" class=\"elementor-tab-content elementor-clearfix\" data-tab=\"8\" role=\"region\" aria-labelledby=\"elementor-tab-title-1698\">Sim, \u00e9 imprescind\u00edvel o pagamento de uma cau\u00e7\u00e3o ou dep\u00f3sito para cobrir poss\u00edveis custos adicionais.\n<\/br>\nGeralmente, o dep\u00f3sito \u00e9 bloqueado no cart\u00e3o de cr\u00e9dito ou d\u00e9bito e \u00e9 desbloqueado assim que devolve o ve\u00edculo nas mesmas condi\u00e7\u00f5es em que lhe foi entregue.\n<\/br>\nO valor do dep\u00f3sito pode variar consoante o fornecedor e o tipo de ve\u00edculo selecionado.\n<\/br>\nPara ve\u00edculos de gama m\u00e9dia e baixa, o valor do dep\u00f3sito varia normalmente entre os 100\u20ac e os 200\u20ac. Para carros topo de gama, este valor pode chegar aos 400\u20ac.<\/div>\n\t\t\t\t<\/div>\n\t\t\t\t\t\t\t<div class=\"elementor-accordion-item\">\n\t\t\t\t\t<div id=\"elementor-tab-title-1699\" class=\"elementor-tab-title\" data-tab=\"9\" role=\"button\" aria-controls=\"elementor-tab-content-1699\" aria-expanded=\"false\">\n\t\t\t\t\t\t\t\t\t\t\t\t\t<span class=\"elementor-accordion-icon elementor-accordion-icon-right\" aria-hidden=\"true\">\n\t\t\t\t\t\t\t\t\t\t\t\t\t\t\t<span class=\"elementor-accordion-icon-closed\"><i class=\"fas fa-angle-double-down\"><\/i><\/span>\n\t\t\t\t\t\t\t\t<span class=\"elementor-accordion-icon-opened\"><i class=\"fas fa-angle-double-up\"><\/i><\/span>\n\t\t\t\t\t\t\t\t\t\t\t\t\t\t<\/span>\n\t\t\t\t\t\t\t\t\t\t\t\t<a class=\"elementor-accordion-title\" tabindex=\"0\">Quais s\u00e3o os diferentes tipos de cobertura dispon\u00edveis?<\/a>\n\t\t\t\t\t<\/div>\n\t\t\t\t\t<div id=\"elementor-tab-content-1699\" class=\"elementor-tab-content elementor-clearfix\" data-tab=\"9\" role=\"region\" aria-labelledby=\"elementor-tab-title-1699\"><strong>Dano ou perda do ve\u00edculo alugado:<\/strong>\n<\/br>\n-CDW (Collision Damage Waiver) refere-se a danos no ve\u00edculo alugado.\n<\/br>\n-TW (Theft Waiver) refere-se ao roubo ou extravio do ve\u00edculo alugado.\n<\/br>\n-LDW (Loss and Damage Waiver) \u00e9 uma combina\u00e7\u00e3o de cobertura contra danos e roubo.\n<\/br>\nSalvo se a Autoturistica puder recuperar o valor correspondente \u00e0 repara\u00e7\u00e3o dos danos causados \u200b\u200bpor Terceiro que tenha sido identificado, o locador\/condutor \u00e9 respons\u00e1vel pelo custo total dos danos causados \u200b\u200bou da perda do ve\u00edculo durante o per\u00edodo de aluguer. Esta responsabilidade pode geralmente ser eliminada atrav\u00e9s do pagamento de um montante fixo por cada dia de aluguer. No entanto, importa ter em conta que, aos clientes que tenham contratado esta prote\u00e7\u00e3o, aplica-se um valor residual (ou \u201cfranquia\u201d) em caso de dano ou perda do ve\u00edculo. Em alguns pa\u00edses, a possibilidade de eliminar este montante residual \u00e9 oferecida atrav\u00e9s do pagamento de uma taxa adicional. Por favor, verifique no balc\u00e3o no momento do aluguer.\n<\/br>\n<strong>Seguro de Acidentes Pessoais:<\/strong>\n<\/br>\n<span style=\"color: #333333;\">-PAI (Seguro de Acidentes Pessoais)<\/span>\n<\/br>\nO Seguro de Acidentes Pessoais oferece cobertura para despesas m\u00e9dicas incorridas em consequ\u00eancia de les\u00f5es sofridas; e\/ou um pagamento \u00fanico a t\u00edtulo de indemniza\u00e7\u00e3o sob a forma de capital em casos de invalidez ou morte em consequ\u00eancia de colis\u00e3o ou acidente de via\u00e7\u00e3o.\n<\/br>\n-Super Seguro de Acidentes Pessoais\n<\/br>\nEm alguns pa\u00edses, o n\u00edvel de cobertura do PAI pode ser aumentado atrav\u00e9s da subscri\u00e7\u00e3o de um seguro adicional (\u201cSUPER PAI\u201d), que inclui tamb\u00e9m cobertura para perdas ou danos em bagagens e\/ou bens pessoais (\u201cPEC\u201d).\n<\/br>\n<strong>Seguro para jovens condutores:<\/strong>\n<\/br>\nEm alguns pa\u00edses, os condutores com menos de 26 anos devem subscrever seguros espec\u00edficos que aumentem a sua cobertura.\n<\/br>\n<span style=\"color: #333333;\"><strong>Drivers adicionais:<\/strong><\/span>\n<\/br>\nTodos os potenciais condutores dever\u00e3o estar inclu\u00eddos no contrato de aluguer para poderem beneficiar dos seguros e prote\u00e7\u00f5es da Autoturistica. Caso n\u00e3o sejam adicionados ao contrato, o seguro n\u00e3o ser\u00e1 aplic\u00e1vel.<\/div>\n\t\t\t\t<\/div>\n\t\t\t\t\t\t\t<div class=\"elementor-accordion-item\">\n\t\t\t\t\t<div id=\"elementor-tab-title-16910\" class=\"elementor-tab-title\" data-tab=\"10\" role=\"button\" aria-controls=\"elementor-tab-content-16910\" aria-expanded=\"false\">\n\t\t\t\t\t\t\t\t\t\t\t\t\t<span class=\"elementor-accordion-icon elementor-accordion-icon-right\" aria-hidden=\"true\">\n\t\t\t\t\t\t\t\t\t\t\t\t\t\t\t<span class=\"elementor-accordion-icon-closed\"><i class=\"fas fa-angle-double-down\"><\/i><\/span>\n\t\t\t\t\t\t\t\t<span class=\"elementor-accordion-icon-opened\"><i class=\"fas fa-angle-double-up\"><\/i><\/span>\n\t\t\t\t\t\t\t\t\t\t\t\t\t\t<\/span>\n\t\t\t\t\t\t\t\t\t\t\t\t<a class=\"elementor-accordion-title\" tabindex=\"0\">Os carros alugados t\u00eam quilometragem ilimitada?<\/a>\n\t\t\t\t\t<\/div>\n\t\t\t\t\t<div id=\"elementor-tab-content-16910\" class=\"elementor-tab-content elementor-clearfix\" data-tab=\"10\" role=\"region\" aria-labelledby=\"elementor-tab-title-16910\">N\u00e3o, a quilometragem \u00e9 limitada e depender\u00e1 da empresa e dos dias contratados.\n<\/br>\nPara determinar os limites de milhagem, ter\u00e1 de iniciar o processo de reserva.\n<\/br>\nCaso os limites contratados sejam ultrapassados, a empresa de aluguer cobrar\u00e1 um custo adicional por quil\u00f3metro percorrido. O valor depende principalmente do tipo de ve\u00edculo selecionado.<\/div>\n\t\t\t\t<\/div>\n\t\t\t\t\t\t\t<div class=\"elementor-accordion-item\">\n\t\t\t\t\t<div id=\"elementor-tab-title-16911\" class=\"elementor-tab-title\" data-tab=\"11\" role=\"button\" aria-controls=\"elementor-tab-content-16911\" aria-expanded=\"false\">\n\t\t\t\t\t\t\t\t\t\t\t\t\t<span class=\"elementor-accordion-icon elementor-accordion-icon-right\" aria-hidden=\"true\">\n\t\t\t\t\t\t\t\t\t\t\t\t\t\t\t<span class=\"elementor-accordion-icon-closed\"><i class=\"fas fa-angle-double-down\"><\/i><\/span>\n\t\t\t\t\t\t\t\t<span class=\"elementor-accordion-icon-opened\"><i class=\"fas fa-angle-double-up\"><\/i><\/span>\n\t\t\t\t\t\t\t\t\t\t\t\t\t\t<\/span>\n\t\t\t\t\t\t\t\t\t\t\t\t<a class=\"elementor-accordion-title\" tabindex=\"0\">Tenho de devolver o carro com o dep\u00f3sito cheio?<\/a>\n\t\t\t\t\t<\/div>\n\t\t\t\t\t<div id=\"elementor-tab-content-16911\" class=\"elementor-tab-content elementor-clearfix\" data-tab=\"11\" role=\"region\" aria-labelledby=\"elementor-tab-title-16911\">As regras a aplicar relativamente ao reabastecimento do ve\u00edculo dependem do pa\u00eds de aluguer e do tipo de produto escolhido. Por favor, reveja detalhadamente as regras aplic\u00e1veis \u200b\u200ba cada um dos seus alugueres. Os carros s\u00e3o normalmente entregues com o dep\u00f3sito cheio.\n<\/br>\nNa devolu\u00e7\u00e3o do carro podem ocorrer 3 situa\u00e7\u00f5es:\n<\/br>\n1.\u00ba Volte a colocar o carro com o mesmo n\u00edvel de combust\u00edvel:\n<\/br>\n-O carro \u00e9 entregue com o dep\u00f3sito com um determinado n\u00edvel de combust\u00edvel, que est\u00e1 indicado no Contrato de Aluguer. O carro deve ser devolvido com o mesmo n\u00edvel de combust\u00edvel. Neste caso o cliente n\u00e3o paga nada pelo Abastecimento ou Servi\u00e7o de Combust\u00edvel. Deve ter em aten\u00e7\u00e3o que poder\u00e1 ser-lhe solicitado o comprovativo de compra de combust\u00edvel (bilhete de posto de abastecimento).\n<\/br>\n2.\u00ba Devolver o carro com um n\u00edvel de combust\u00edvel diferente do indicado no in\u00edcio do aluguer (Taxa de Reabastecimento):\n<\/br>\n-Caso n\u00e3o tenha contratado a op\u00e7\u00e3o de Compra de Combust\u00edvel (Dep\u00f3sito Cheio) e n\u00e3o devolva o carro com o mesmo n\u00edvel de combust\u00edvel do in\u00edcio do aluguer, o valor do combust\u00edvel em falta ser\u00e1 cobrado adicionalmente ao Servi\u00e7o de Abastecimento.\n<\/br>\n3.\u00ba Compra de Combust\u00edvel (Dep\u00f3sito Cheio):\n<\/br>\n-Ao levantar o ve\u00edculo tem a op\u00e7\u00e3o de pagar o custo do dep\u00f3sito cheio de combust\u00edvel. O pre\u00e7o depende da categoria do ve\u00edculo. Neste caso dever\u00e1 devolver o carro com o dep\u00f3sito com qualquer n\u00edvel de combust\u00edvel. N\u00e3o ser\u00e1 feita qualquer cobran\u00e7a de combust\u00edvel, mas o combust\u00edvel n\u00e3o utilizado n\u00e3o ser\u00e1 reembolsado.<\/div>\n\t\t\t\t<\/div>\n\t\t\t\t\t\t\t<div class=\"elementor-accordion-item\">\n\t\t\t\t\t<div id=\"elementor-tab-title-16912\" class=\"elementor-tab-title\" data-tab=\"12\" role=\"button\" aria-controls=\"elementor-tab-content-16912\" aria-expanded=\"false\">\n\t\t\t\t\t\t\t\t\t\t\t\t\t<span class=\"elementor-accordion-icon elementor-accordion-icon-right\" aria-hidden=\"true\">\n\t\t\t\t\t\t\t\t\t\t\t\t\t\t\t<span class=\"elementor-accordion-icon-closed\"><i class=\"fas fa-angle-double-down\"><\/i><\/span>\n\t\t\t\t\t\t\t\t<span class=\"elementor-accordion-icon-opened\"><i class=\"fas fa-angle-double-up\"><\/i><\/span>\n\t\t\t\t\t\t\t\t\t\t\t\t\t\t<\/span>\n\t\t\t\t\t\t\t\t\t\t\t\t<a class=\"elementor-accordion-title\" tabindex=\"0\">Posso devolver ou levantar um ve\u00edculo fora do hor\u00e1rio de expediente?<\/a>\n\t\t\t\t\t<\/div>\n\t\t\t\t\t<div id=\"elementor-tab-content-16912\" class=\"elementor-tab-content elementor-clearfix\" data-tab=\"12\" role=\"region\" aria-labelledby=\"elementor-tab-title-16912\">Sim, um ve\u00edculo pode ser levantado fora do hor\u00e1rio, desde que previamente acordado em contrato. Isto pode implicar um custo adicional.\n<\/br>\nNo caso de devolu\u00e7\u00f5es, esta s\u00f3 poder\u00e1 ser efetuada quando exista caixa de correio no escrit\u00f3rio ou se tal tiver sido previamente estabelecido em contrato.<\/div>\n\t\t\t\t<\/div>\n\t\t\t\t\t\t\t<div class=\"elementor-accordion-item\">\n\t\t\t\t\t<div id=\"elementor-tab-title-16913\" class=\"elementor-tab-title\" data-tab=\"13\" role=\"button\" aria-controls=\"elementor-tab-content-16913\" aria-expanded=\"false\">\n\t\t\t\t\t\t\t\t\t\t\t\t\t<span class=\"elementor-accordion-icon elementor-accordion-icon-right\" aria-hidden=\"true\">\n\t\t\t\t\t\t\t\t\t\t\t\t\t\t\t<span class=\"elementor-accordion-icon-closed\"><i class=\"fas fa-angle-double-down\"><\/i><\/span>\n\t\t\t\t\t\t\t\t<span class=\"elementor-accordion-icon-opened\"><i class=\"fas fa-angle-double-up\"><\/i><\/span>\n\t\t\t\t\t\t\t\t\t\t\t\t\t\t<\/span>\n\t\t\t\t\t\t\t\t\t\t\t\t<a class=\"elementor-accordion-title\" tabindex=\"0\">Que documentos devo apresentar para levantar o meu ve\u00edculo?<\/a>\n\t\t\t\t\t<\/div>\n\t\t\t\t\t<div id=\"elementor-tab-content-16913\" class=\"elementor-tab-content elementor-clearfix\" data-tab=\"13\" role=\"region\" aria-labelledby=\"elementor-tab-title-16913\">Para levantar o seu carro alugado dever\u00e1 apresentar o voucher de confirma\u00e7\u00e3o da reserva (voucher) que lhe enviamos por email, a sua carta de condu\u00e7\u00e3o v\u00e1lida (carta de condu\u00e7\u00e3o internacional se aplic\u00e1vel), o seu documento de identifica\u00e7\u00e3o ou passaporte e o seu cart\u00e3o de identifica\u00e7\u00e3o.<\/div>\n\t\t\t\t<\/div>\n\t\t\t\t\t\t\t<div class=\"elementor-accordion-item\">\n\t\t\t\t\t<div id=\"elementor-tab-title-16914\" class=\"elementor-tab-title\" data-tab=\"14\" role=\"button\" aria-controls=\"elementor-tab-content-16914\" aria-expanded=\"false\">\n\t\t\t\t\t\t\t\t\t\t\t\t\t<span class=\"elementor-accordion-icon elementor-accordion-icon-right\" aria-hidden=\"true\">\n\t\t\t\t\t\t\t\t\t\t\t\t\t\t\t<span class=\"elementor-accordion-icon-closed\"><i class=\"fas fa-angle-double-down\"><\/i><\/span>\n\t\t\t\t\t\t\t\t<span class=\"elementor-accordion-icon-opened\"><i class=\"fas fa-angle-double-up\"><\/i><\/span>\n\t\t\t\t\t\t\t\t\t\t\t\t\t\t<\/span>\n\t\t\t\t\t\t\t\t\t\t\t\t<a class=\"elementor-accordion-title\" tabindex=\"0\">Devo verificar o estado do ve\u00edculo antes de sair da empresa de aluguer?<\/a>\n\t\t\t\t\t<\/div>\n\t\t\t\t\t<div id=\"elementor-tab-content-16914\" class=\"elementor-tab-content elementor-clearfix\" data-tab=\"14\" role=\"region\" aria-labelledby=\"elementor-tab-title-16914\">Sim, deve verificar se o relat\u00f3rio do estado do ve\u00edculo reflete fielmente o estado atual do ve\u00edculo. Se encontrar um novo defeito que n\u00e3o esteja anotado no relat\u00f3rio, dever\u00e1 informar o agente de entregas e examinar o ve\u00edculo para atualizar o estado refletido no contrato de aluguer.<\/div>\n\t\t\t\t<\/div>\n\t\t\t\t\t\t\t<div class=\"elementor-accordion-item\">\n\t\t\t\t\t<div id=\"elementor-tab-title-16915\" class=\"elementor-tab-title\" data-tab=\"15\" role=\"button\" aria-controls=\"elementor-tab-content-16915\" aria-expanded=\"false\">\n\t\t\t\t\t\t\t\t\t\t\t\t\t<span class=\"elementor-accordion-icon elementor-accordion-icon-right\" aria-hidden=\"true\">\n\t\t\t\t\t\t\t\t\t\t\t\t\t\t\t<span class=\"elementor-accordion-icon-closed\"><i class=\"fas fa-angle-double-down\"><\/i><\/span>\n\t\t\t\t\t\t\t\t<span class=\"elementor-accordion-icon-opened\"><i class=\"fas fa-angle-double-up\"><\/i><\/span>\n\t\t\t\t\t\t\t\t\t\t\t\t\t\t<\/span>\n\t\t\t\t\t\t\t\t\t\t\t\t<a class=\"elementor-accordion-title\" tabindex=\"0\">Como posso obter uma c\u00f3pia da minha fatura de aluguer?<\/a>\n\t\t\t\t\t<\/div>\n\t\t\t\t\t<div id=\"elementor-tab-content-16915\" class=\"elementor-tab-content elementor-clearfix\" data-tab=\"15\" role=\"region\" aria-labelledby=\"elementor-tab-title-16915\">Poder\u00e1 solicitar a fatura 48 horas ap\u00f3s a devolu\u00e7\u00e3o do ve\u00edculo. Dever\u00e1 enviar um email para info@autoturistica.com com os dados fiscais e enviar-lhe-emos a fatura correspondente.<\/div>\n\t\t\t\t<\/div>\n\t\t\t\t\t\t\t\t<\/div>\n\t\t\t\t\t\t<\/div>\n\t\t\t\t<\/div>\n\t\t\t\t\t<\/div>\n\t\t<\/div>\n\t\t\t\t\t<\/div>\n\t\t<\/section>\n\t\t\t\t<section class=\"elementor-section elementor-top-section elementor-element elementor-element-067b18f elementor-section-stretched elementor-section-boxed elementor-section-height-default elementor-section-height-default\" data-id=\"067b18f\" data-element_type=\"section\" data-settings=\"{&quot;stretch_section&quot;:&quot;section-stretched&quot;}\">\n\t\t\t\t\t\t<div class=\"elementor-container elementor-column-gap-default\">\n\t\t\t\t\t<div class=\"elementor-column elementor-col-100 elementor-top-column elementor-element elementor-element-5f8e0a2\" data-id=\"5f8e0a2\" data-element_type=\"column\" data-settings=\"{&quot;background_background&quot;:&quot;classic&quot;}\">\n\t\t\t<div class=\"elementor-widget-wrap elementor-element-populated\">\n\t\t\t\t\t\t<div class=\"elementor-element elementor-element-b950f5c elementor-widget elementor-widget-heading\" data-id=\"b950f5c\" data-element_type=\"widget\" data-widget_type=\"heading.default\">\n\t\t\t\t<div class=\"elementor-widget-container\">\n\t\t\t\t\t<h2 class=\"elementor-heading-title elementor-size-default\"><span style=\"color:#05A3D8\">condi\u00e7\u00f5es de aluguer: <\/span><\/h2>\t\t\t\t<\/div>\n\t\t\t\t<\/div>\n\t\t\t\t<div class=\"elementor-element elementor-element-056583c elementor-widget elementor-widget-accordion\" data-id=\"056583c\" data-element_type=\"widget\" data-widget_type=\"accordion.default\">\n\t\t\t\t<div class=\"elementor-widget-container\">\n\t\t\t\t\t\t\t<div class=\"elementor-accordion\">\n\t\t\t\t\t\t\t<div class=\"elementor-accordion-item\">\n\t\t\t\t\t<div id=\"elementor-tab-title-5651\" class=\"elementor-tab-title\" data-tab=\"1\" role=\"button\" aria-controls=\"elementor-tab-content-5651\" aria-expanded=\"false\">\n\t\t\t\t\t\t\t\t\t\t\t\t\t<span class=\"elementor-accordion-icon elementor-accordion-icon-right\" aria-hidden=\"true\">\n\t\t\t\t\t\t\t\t\t\t\t\t\t\t\t<span class=\"elementor-accordion-icon-closed\"><i class=\"fas fa-angle-double-down\"><\/i><\/span>\n\t\t\t\t\t\t\t\t<span class=\"elementor-accordion-icon-opened\"><i class=\"fas fa-angle-double-up\"><\/i><\/span>\n\t\t\t\t\t\t\t\t\t\t\t\t\t\t<\/span>\n\t\t\t\t\t\t\t\t\t\t\t\t<a class=\"elementor-accordion-title\" tabindex=\"0\">Pol\u00edtica de cancelamento<\/a>\n\t\t\t\t\t<\/div>\n\t\t\t\t\t<div id=\"elementor-tab-content-5651\" class=\"elementor-tab-content elementor-clearfix\" data-tab=\"1\" role=\"region\" aria-labelledby=\"elementor-tab-title-5651\">Para cancelar a reserva basta contactar a Autotur\u00edstica por email.\n<\/br>\nA reserva pode ser cancelada at\u00e9 72 horas antes do levantamento do ve\u00edculo sem qualquer custo. Findo este per\u00edodo, poder\u00e3o ser aplicadas taxas referentes a \u201cTaxas de Cancelamento\u201d.<\/div>\n\t\t\t\t<\/div>\n\t\t\t\t\t\t\t<div class=\"elementor-accordion-item\">\n\t\t\t\t\t<div id=\"elementor-tab-title-5652\" class=\"elementor-tab-title\" data-tab=\"2\" role=\"button\" aria-controls=\"elementor-tab-content-5652\" aria-expanded=\"false\">\n\t\t\t\t\t\t\t\t\t\t\t\t\t<span class=\"elementor-accordion-icon elementor-accordion-icon-right\" aria-hidden=\"true\">\n\t\t\t\t\t\t\t\t\t\t\t\t\t\t\t<span class=\"elementor-accordion-icon-closed\"><i class=\"fas fa-angle-double-down\"><\/i><\/span>\n\t\t\t\t\t\t\t\t<span class=\"elementor-accordion-icon-opened\"><i class=\"fas fa-angle-double-up\"><\/i><\/span>\n\t\t\t\t\t\t\t\t\t\t\t\t\t\t<\/span>\n\t\t\t\t\t\t\t\t\t\t\t\t<a class=\"elementor-accordion-title\" tabindex=\"0\">Modifica\u00e7\u00f5es na reserva<\/a>\n\t\t\t\t\t<\/div>\n\t\t\t\t\t<div id=\"elementor-tab-content-5652\" class=\"elementor-tab-content elementor-clearfix\" data-tab=\"2\" role=\"region\" aria-labelledby=\"elementor-tab-title-5652\">Caso tenha levantado o ve\u00edculo e pretenda prolongar a dura\u00e7\u00e3o do per\u00edodo de aluguer, dever\u00e1 contactar o escrit\u00f3rio onde levantou o ve\u00edculo.\n<\/br>\nCaso ainda n\u00e3o tenha levantado o ve\u00edculo, poder\u00e1 modificar ou cancelar a reserva contactando a Autotur\u00edstica atrav\u00e9s de qualquer um dos meios acima referidos. Se o local, a data ou a hora do aluguer mudarem, as taxas de aluguer, impostos, sobretaxas ou encargos para os condutores jovens poder\u00e3o mudar.<\/div>\n\t\t\t\t<\/div>\n\t\t\t\t\t\t\t<div class=\"elementor-accordion-item\">\n\t\t\t\t\t<div id=\"elementor-tab-title-5653\" class=\"elementor-tab-title\" data-tab=\"3\" role=\"button\" aria-controls=\"elementor-tab-content-5653\" aria-expanded=\"false\">\n\t\t\t\t\t\t\t\t\t\t\t\t\t<span class=\"elementor-accordion-icon elementor-accordion-icon-right\" aria-hidden=\"true\">\n\t\t\t\t\t\t\t\t\t\t\t\t\t\t\t<span class=\"elementor-accordion-icon-closed\"><i class=\"fas fa-angle-double-down\"><\/i><\/span>\n\t\t\t\t\t\t\t\t<span class=\"elementor-accordion-icon-opened\"><i class=\"fas fa-angle-double-up\"><\/i><\/span>\n\t\t\t\t\t\t\t\t\t\t\t\t\t\t<\/span>\n\t\t\t\t\t\t\t\t\t\t\t\t<a class=\"elementor-accordion-title\" tabindex=\"0\">Posso prolongar o meu contrato de aluguer?<\/a>\n\t\t\t\t\t<\/div>\n\t\t\t\t\t<div id=\"elementor-tab-content-5653\" class=\"elementor-tab-content elementor-clearfix\" data-tab=\"3\" role=\"region\" aria-labelledby=\"elementor-tab-title-5653\">A extens\u00e3o do arrendamento \u00e9 poss\u00edvel, mas deve contactar o escrit\u00f3rio de levantamento para aprova\u00e7\u00e3o. Ser\u00e1 cobrada uma taxa dedicada adicional.<\/div>\n\t\t\t\t<\/div>\n\t\t\t\t\t\t\t<div class=\"elementor-accordion-item\">\n\t\t\t\t\t<div id=\"elementor-tab-title-5654\" class=\"elementor-tab-title\" data-tab=\"4\" role=\"button\" aria-controls=\"elementor-tab-content-5654\" aria-expanded=\"false\">\n\t\t\t\t\t\t\t\t\t\t\t\t\t<span class=\"elementor-accordion-icon elementor-accordion-icon-right\" aria-hidden=\"true\">\n\t\t\t\t\t\t\t\t\t\t\t\t\t\t\t<span class=\"elementor-accordion-icon-closed\"><i class=\"fas fa-angle-double-down\"><\/i><\/span>\n\t\t\t\t\t\t\t\t<span class=\"elementor-accordion-icon-opened\"><i class=\"fas fa-angle-double-up\"><\/i><\/span>\n\t\t\t\t\t\t\t\t\t\t\t\t\t\t<\/span>\n\t\t\t\t\t\t\t\t\t\t\t\t<a class=\"elementor-accordion-title\" tabindex=\"0\">Qual \u00e9 a idade m\u00ednima para alugar um carro?<\/a>\n\t\t\t\t\t<\/div>\n\t\t\t\t\t<div id=\"elementor-tab-content-5654\" class=\"elementor-tab-content elementor-clearfix\" data-tab=\"4\" role=\"region\" aria-labelledby=\"elementor-tab-title-5654\">Todos os condutores devem ter no m\u00ednimo 21 anos e 22 para as Can\u00e1rias, com um m\u00ednimo de 1 ano de experi\u00eancia na carta de condu\u00e7\u00e3o (2 anos de experi\u00eancia para as Can\u00e1rias).\n<\/br>\nApenas os condutores com mais de 25 anos poder\u00e3o alugar monovolumes grandes, ve\u00edculos premium, 4&#215;4 ou carrinhas.\n<\/br>\nAs tarifas \u201cJovem Condutor\u201d poder\u00e3o estar inclu\u00eddas no contrato.<\/div>\n\t\t\t\t<\/div>\n\t\t\t\t\t\t\t<div class=\"elementor-accordion-item\">\n\t\t\t\t\t<div id=\"elementor-tab-title-5655\" class=\"elementor-tab-title\" data-tab=\"5\" role=\"button\" aria-controls=\"elementor-tab-content-5655\" aria-expanded=\"false\">\n\t\t\t\t\t\t\t\t\t\t\t\t\t<span class=\"elementor-accordion-icon elementor-accordion-icon-right\" aria-hidden=\"true\">\n\t\t\t\t\t\t\t\t\t\t\t\t\t\t\t<span class=\"elementor-accordion-icon-closed\"><i class=\"fas fa-angle-double-down\"><\/i><\/span>\n\t\t\t\t\t\t\t\t<span class=\"elementor-accordion-icon-opened\"><i class=\"fas fa-angle-double-up\"><\/i><\/span>\n\t\t\t\t\t\t\t\t\t\t\t\t\t\t<\/span>\n\t\t\t\t\t\t\t\t\t\t\t\t<a class=\"elementor-accordion-title\" tabindex=\"0\">Pode alugar um carro com cart\u00e3o de d\u00e9bito?<\/a>\n\t\t\t\t\t<\/div>\n\t\t\t\t\t<div id=\"elementor-tab-content-5655\" class=\"elementor-tab-content elementor-clearfix\" data-tab=\"5\" role=\"region\" aria-labelledby=\"elementor-tab-title-5655\">Sim, aceitamos todos os principais cart\u00f5es de d\u00e9bito, exceto Maestro, Electron, Solo e cart\u00f5es pr\u00e9-pagos.\n<\/br>\nNo caso de ve\u00edculos 4&#215;4 e ve\u00edculos premium ser\u00e1 necess\u00e1rio apresentar cart\u00e3o de cr\u00e9dito.\n<\/br>\nTodos os cart\u00f5es devem estar em nome do condutor principal.\n<\/br>\nOs cart\u00f5es de d\u00e9bito ser\u00e3o aceites dependendo do pa\u00eds de aluguer onde levantar o ve\u00edculo. Por favor, verifique a sec\u00e7\u00e3o Termos e Condi\u00e7\u00f5es do nosso website: <a href=\"https:\/\/www.Autoturistica.es\/EBE\/module\/render\/Terminos-y-Condiciones.\">https:\/\/www.Autoturistica. es\/ EBE\/module\/render\/Termos e Condi\u00e7\u00f5es.<\/a><\/div>\n\t\t\t\t<\/div>\n\t\t\t\t\t\t\t<div class=\"elementor-accordion-item\">\n\t\t\t\t\t<div id=\"elementor-tab-title-5656\" class=\"elementor-tab-title\" data-tab=\"6\" role=\"button\" aria-controls=\"elementor-tab-content-5656\" aria-expanded=\"false\">\n\t\t\t\t\t\t\t\t\t\t\t\t\t<span class=\"elementor-accordion-icon elementor-accordion-icon-right\" aria-hidden=\"true\">\n\t\t\t\t\t\t\t\t\t\t\t\t\t\t\t<span class=\"elementor-accordion-icon-closed\"><i class=\"fas fa-angle-double-down\"><\/i><\/span>\n\t\t\t\t\t\t\t\t<span class=\"elementor-accordion-icon-opened\"><i class=\"fas fa-angle-double-up\"><\/i><\/span>\n\t\t\t\t\t\t\t\t\t\t\t\t\t\t<\/span>\n\t\t\t\t\t\t\t\t\t\t\t\t<a class=\"elementor-accordion-title\" tabindex=\"0\">Receberei o mesmo modelo e marca que reservei?<\/a>\n\t\t\t\t\t<\/div>\n\t\t\t\t\t<div id=\"elementor-tab-content-5656\" class=\"elementor-tab-content elementor-clearfix\" data-tab=\"6\" role=\"region\" aria-labelledby=\"elementor-tab-title-5656\">Na Autoturistica s\u00f3 podemos segurar uma categoria de autom\u00f3vel, sem incluir o seu modelo ou marca.\n<\/br>\nAs empresas de leasing disp\u00f5em de uma grande variedade de ve\u00edculos, pelo que dependem da disponibilidade di\u00e1ria de cada um dos seus centros.<\/div>\n\t\t\t\t<\/div>\n\t\t\t\t\t\t\t<div class=\"elementor-accordion-item\">\n\t\t\t\t\t<div id=\"elementor-tab-title-5657\" class=\"elementor-tab-title\" data-tab=\"7\" role=\"button\" aria-controls=\"elementor-tab-content-5657\" aria-expanded=\"false\">\n\t\t\t\t\t\t\t\t\t\t\t\t\t<span class=\"elementor-accordion-icon elementor-accordion-icon-right\" aria-hidden=\"true\">\n\t\t\t\t\t\t\t\t\t\t\t\t\t\t\t<span class=\"elementor-accordion-icon-closed\"><i class=\"fas fa-angle-double-down\"><\/i><\/span>\n\t\t\t\t\t\t\t\t<span class=\"elementor-accordion-icon-opened\"><i class=\"fas fa-angle-double-up\"><\/i><\/span>\n\t\t\t\t\t\t\t\t\t\t\t\t\t\t<\/span>\n\t\t\t\t\t\t\t\t\t\t\t\t<a class=\"elementor-accordion-title\" tabindex=\"0\">Preciso de carta de condu\u00e7\u00e3o internacional para levantar o meu ve\u00edculo?<\/a>\n\t\t\t\t\t<\/div>\n\t\t\t\t\t<div id=\"elementor-tab-content-5657\" class=\"elementor-tab-content elementor-clearfix\" data-tab=\"7\" role=\"region\" aria-labelledby=\"elementor-tab-title-5657\">De forma a garantir uma experi\u00eancia segura e cumprir os requisitos legais, anunciamos que a partir de agora ser\u00e1 necess\u00e1ria a apresenta\u00e7\u00e3o de Carta de Condu\u00e7\u00e3o Internacional v\u00e1lida para poder levantar o seu ve\u00edculo caso n\u00e3o possua carta de condu\u00e7\u00e3o dos pa\u00edses que comp\u00f5em a Uni\u00e3o Europeia.<\/div>\n\t\t\t\t<\/div>\n\t\t\t\t\t\t\t<div class=\"elementor-accordion-item\">\n\t\t\t\t\t<div id=\"elementor-tab-title-5658\" class=\"elementor-tab-title\" data-tab=\"8\" role=\"button\" aria-controls=\"elementor-tab-content-5658\" aria-expanded=\"false\">\n\t\t\t\t\t\t\t\t\t\t\t\t\t<span class=\"elementor-accordion-icon elementor-accordion-icon-right\" aria-hidden=\"true\">\n\t\t\t\t\t\t\t\t\t\t\t\t\t\t\t<span class=\"elementor-accordion-icon-closed\"><i class=\"fas fa-angle-double-down\"><\/i><\/span>\n\t\t\t\t\t\t\t\t<span class=\"elementor-accordion-icon-opened\"><i class=\"fas fa-angle-double-up\"><\/i><\/span>\n\t\t\t\t\t\t\t\t\t\t\t\t\t\t<\/span>\n\t\t\t\t\t\t\t\t\t\t\t\t<a class=\"elementor-accordion-title\" tabindex=\"0\">Posso viajar para fora de Espanha?<\/a>\n\t\t\t\t\t<\/div>\n\t\t\t\t\t<div id=\"elementor-tab-content-5658\" class=\"elementor-tab-content elementor-clearfix\" data-tab=\"8\" role=\"region\" aria-labelledby=\"elementor-tab-title-5658\">As condi\u00e7\u00f5es para atravessar a fronteira com o ve\u00edculo podem variar consoante o locador, a categoria do ve\u00edculo e os pa\u00edses para onde se pretende viajar. Consulte as p\u00e1ginas das Condi\u00e7\u00f5es Gerais de Aluguer.\n<\/br>\n<span style=\"color: var( --e-global-color-text ); font-size: 1rem;\">Em todos os casos, DEVE informar o balc\u00e3o da sua inten\u00e7\u00e3o de sair de Espanha com o ve\u00edculo, pois Para fazer Para tal, \u00e9 necess\u00e1rio gerir o seguro de acordo com os seus planos de viagem.<\/span><\/div>\n\t\t\t\t<\/div>\n\t\t\t\t\t\t\t<div class=\"elementor-accordion-item\">\n\t\t\t\t\t<div id=\"elementor-tab-title-5659\" class=\"elementor-tab-title\" data-tab=\"9\" role=\"button\" aria-controls=\"elementor-tab-content-5659\" aria-expanded=\"false\">\n\t\t\t\t\t\t\t\t\t\t\t\t\t<span class=\"elementor-accordion-icon elementor-accordion-icon-right\" aria-hidden=\"true\">\n\t\t\t\t\t\t\t\t\t\t\t\t\t\t\t<span class=\"elementor-accordion-icon-closed\"><i class=\"fas fa-angle-double-down\"><\/i><\/span>\n\t\t\t\t\t\t\t\t<span class=\"elementor-accordion-icon-opened\"><i class=\"fas fa-angle-double-up\"><\/i><\/span>\n\t\t\t\t\t\t\t\t\t\t\t\t\t\t<\/span>\n\t\t\t\t\t\t\t\t\t\t\t\t<a class=\"elementor-accordion-title\" tabindex=\"0\">O que acontece se o carro avariar ou eu tiver um acidente?<\/a>\n\t\t\t\t\t<\/div>\n\t\t\t\t\t<div id=\"elementor-tab-content-5659\" class=\"elementor-tab-content elementor-clearfix\" data-tab=\"9\" role=\"region\" aria-labelledby=\"elementor-tab-title-5659\">Em caso de avaria ou acidente dever\u00e1 informar os n\u00fameros de telefone ou contactos fornecidos no momento do levantamento do ve\u00edculo. A assist\u00eancia funciona 24 horas por dia.\n<\/br>\nPor favor leia atentamente as condi\u00e7\u00f5es de aluguer e as instru\u00e7\u00f5es fornecidas no momento da recolha do ve\u00edculo.<\/div>\n\t\t\t\t<\/div>\n\t\t\t\t\t\t\t<div class=\"elementor-accordion-item\">\n\t\t\t\t\t<div id=\"elementor-tab-title-56510\" class=\"elementor-tab-title\" data-tab=\"10\" role=\"button\" aria-controls=\"elementor-tab-content-56510\" aria-expanded=\"false\">\n\t\t\t\t\t\t\t\t\t\t\t\t\t<span class=\"elementor-accordion-icon elementor-accordion-icon-right\" aria-hidden=\"true\">\n\t\t\t\t\t\t\t\t\t\t\t\t\t\t\t<span class=\"elementor-accordion-icon-closed\"><i class=\"fas fa-angle-double-down\"><\/i><\/span>\n\t\t\t\t\t\t\t\t<span class=\"elementor-accordion-icon-opened\"><i class=\"fas fa-angle-double-up\"><\/i><\/span>\n\t\t\t\t\t\t\t\t\t\t\t\t\t\t<\/span>\n\t\t\t\t\t\t\t\t\t\t\t\t<a class=\"elementor-accordion-title\" tabindex=\"0\">Quero devolver o meu ve\u00edculo antes da data estabelecida. H\u00e1 alguma cobran\u00e7a de grande penalidade?<\/a>\n\t\t\t\t\t<\/div>\n\t\t\t\t\t<div id=\"elementor-tab-content-56510\" class=\"elementor-tab-content elementor-clearfix\" data-tab=\"10\" role=\"region\" aria-labelledby=\"elementor-tab-title-56510\"><span style=\"color: var( --e-global-color-text ); font-size: 1rem;\">Dependendo do locador, geralmente s\u00f3 \u00e9 cobrado pelos dias de utiliza\u00e7\u00e3o do ve\u00edculo. Depois de devolvido, dever\u00e1 solicitar o reembolso de quaisquer dias n\u00e3o utilizados. <\/span>\n<\/br>\n<span style=\"color: var( --e-global-color-text ); font-size: 1rem;\">O valor correspondente s\u00f3 ser\u00e1 devolvido caso o locador n\u00e3o fature os dias n\u00e3o utilizados. Nesse caso proceder\u00edamos ao reembolso do dinheiro.<\/span><\/div>\n\t\t\t\t<\/div>\n\t\t\t\t\t\t\t<div class=\"elementor-accordion-item\">\n\t\t\t\t\t<div id=\"elementor-tab-title-56511\" class=\"elementor-tab-title\" data-tab=\"11\" role=\"button\" aria-controls=\"elementor-tab-content-56511\" aria-expanded=\"false\">\n\t\t\t\t\t\t\t\t\t\t\t\t\t<span class=\"elementor-accordion-icon elementor-accordion-icon-right\" aria-hidden=\"true\">\n\t\t\t\t\t\t\t\t\t\t\t\t\t\t\t<span class=\"elementor-accordion-icon-closed\"><i class=\"fas fa-angle-double-down\"><\/i><\/span>\n\t\t\t\t\t\t\t\t<span class=\"elementor-accordion-icon-opened\"><i class=\"fas fa-angle-double-up\"><\/i><\/span>\n\t\t\t\t\t\t\t\t\t\t\t\t\t\t<\/span>\n\t\t\t\t\t\t\t\t\t\t\t\t<a class=\"elementor-accordion-title\" tabindex=\"0\">Haver\u00e1 algum custo adicional se atrasar a devolu\u00e7\u00e3o do ve\u00edculo alugado?<\/a>\n\t\t\t\t\t<\/div>\n\t\t\t\t\t<div id=\"elementor-tab-content-56511\" class=\"elementor-tab-content elementor-clearfix\" data-tab=\"11\" role=\"region\" aria-labelledby=\"elementor-tab-title-56511\">Boas not\u00edcias! Regra geral, existe um per\u00edodo de car\u00eancia de 29 minutos para alugueres di\u00e1rios. Se o ve\u00edculo for devolvido fora deste per\u00edodo, ser\u00e1 cobrada uma taxa de aluguer por dia.\n<\/br>\nNota: Os ve\u00edculos devolvidos ap\u00f3s o hor\u00e1rio de expediente n\u00e3o ser\u00e3o examinados at\u00e9 ao dia \u00fatil seguinte. Se devolver o seu ve\u00edculo fora do hor\u00e1rio de expediente, quando o escrit\u00f3rio estiver encerrado, ser\u00e1 respons\u00e1vel pelo ve\u00edculo at\u00e9 que o ve\u00edculo alugado seja verificado com sucesso no dia \u00fatil seguinte.<\/div>\n\t\t\t\t<\/div>\n\t\t\t\t\t\t\t\t<\/div>\n\t\t\t\t\t\t<\/div>\n\t\t\t\t<\/div>\n\t\t\t\t\t<\/div>\n\t\t<\/div>\n\t\t\t\t\t<\/div>\n\t\t<\/section>\n\t\t\t\t<section class=\"elementor-section elementor-top-section elementor-element elementor-element-8b75175 elementor-section-boxed elementor-section-height-default elementor-section-height-default\" data-id=\"8b75175\" data-element_type=\"section\">\n\t\t\t\t\t\t<div class=\"elementor-container elementor-column-gap-default\">\n\t\t\t\t\t<div class=\"elementor-column elementor-col-100 elementor-top-column elementor-element elementor-element-865cc09\" data-id=\"865cc09\" data-element_type=\"column\">\n\t\t\t<div class=\"elementor-widget-wrap elementor-element-populated\">\n\t\t\t\t\t\t<div class=\"elementor-element elementor-element-35714a8 elementor-widget elementor-widget-spacer\" data-id=\"35714a8\" data-element_type=\"widget\" data-widget_type=\"spacer.default\">\n\t\t\t\t<div class=\"elementor-widget-container\">\n\t\t\t\t\t\t\t<div class=\"elementor-spacer\">\n\t\t\t<div class=\"elementor-spacer-inner\"><\/div>\n\t\t<\/div>\n\t\t\t\t\t\t<\/div>\n\t\t\t\t<\/div>\n\t\t\t\t\t<\/div>\n\t\t<\/div>\n\t\t\t\t\t<\/div>\n\t\t<\/section>\n\t\t\t\t<\/div>\n\t\t","protected":false},"excerpt":{"rendered":"<p>Perguntas frequentes Sobre os nossos servi\u00e7os O que \u00e9 a Autotur\u00edstica? A Autoturistica \u00e9 uma intermedi\u00e1ria de aluguer de autom\u00f3veis&hellip;<\/p>\n","protected":false},"author":7,"featured_media":0,"parent":0,"menu_order":0,"comment_status":"closed","ping_status":"closed","template":"elementor_header_footer","meta":{"_acf_changed":false,"om_disable_all_campaigns":false,"footnotes":""},"class_list":["post-2258","page","type-page","status-publish","hentry"],"acf":[],"aioseo_notices":[],"_links":{"self":[{"href":"https:\/\/www.autoturistica.com\/pt\/wp-json\/wp\/v2\/pages\/2258","targetHints":{"allow":["GET"]}}],"collection":[{"href":"https:\/\/www.autoturistica.com\/pt\/wp-json\/wp\/v2\/pages"}],"about":[{"href":"https:\/\/www.autoturistica.com\/pt\/wp-json\/wp\/v2\/types\/page"}],"author":[{"embeddable":true,"href":"https:\/\/www.autoturistica.com\/pt\/wp-json\/wp\/v2\/users\/7"}],"replies":[{"embeddable":true,"href":"https:\/\/www.autoturistica.com\/pt\/wp-json\/wp\/v2\/comments?post=2258"}],"version-history":[{"count":143,"href":"https:\/\/www.autoturistica.com\/pt\/wp-json\/wp\/v2\/pages\/2258\/revisions"}],"predecessor-version":[{"id":6841,"href":"https:\/\/www.autoturistica.com\/pt\/wp-json\/wp\/v2\/pages\/2258\/revisions\/6841"}],"wp:attachment":[{"href":"https:\/\/www.autoturistica.com\/pt\/wp-json\/wp\/v2\/media?parent=2258"}],"curies":[{"name":"wp","href":"https:\/\/api.w.org\/{rel}","templated":true}]}}